{"id":186,"date":"2024-12-02T19:43:00","date_gmt":"2024-12-02T18:43:00","guid":{"rendered":"https:\/\/www.strasbourg-ecologie.org\/?page_id=186"},"modified":"2025-11-16T11:07:32","modified_gmt":"2025-11-16T10:07:32","slug":"comptes-rendus-et-reunions","status":"publish","type":"page","link":"https:\/\/www.strasbourg-ecologie.org\/?page_id=186","title":{"rendered":"Comptes rendus et R\u00e9unions"},"content":{"rendered":"\n<p><strong>Prochaine r\u00e9union le&nbsp;17\/11\/2025<\/strong><\/p>\n\n\n\n<p><strong>de 17h00 \u00e0 18h15&nbsp;<\/strong><\/p>\n\n\n\n<p>Pizzeria Milano &#8211; 23 BOULEVARD LA VICTOIRE, 67000 STRASBOURG<\/p>\n\n\n\n<p><strong>Compte Rendu de la r\u00e9union du 17\/10\/2025<\/strong><\/p>\n\n\n\n<p>Pr\u00e9sent(e)s&nbsp;: Jill, Gertrude, Cl\u00e9mentine, Francedo, Fran\u00e7oise, Jacques, Odile<\/p>\n\n\n\n<p>* <strong>Festival Alimenterre<\/strong><\/p>\n\n\n\n<p>Le 26 novembre prochain, \u00e0 19h \u00e0 la Maison des Associations.<\/p>\n\n\n\n<p>&nbsp;Nous nous associons \u00e0 Terre de Liens, Que Choisir Alsace, Alain Meyer de la Comcom\u2019 Centre Alsace et maire de St-Perre-Bois, BioGrandest,&nbsp; deux porteurs de projet de reprise dont un actuellement mara\u00eecher \u00e0 Obernai et un c\u00e9dant \u00e0 Achenheim.<\/p>\n\n\n\n<p>* pr\u00e9sentation des associations pr\u00e9sentes<\/p>\n\n\n\n<p>* projection du film \u00ab&nbsp;Transmettre&nbsp;\u00bb, documentaire sur la difficult\u00e9 de la transmission des exploitations agricoles<\/p>\n\n\n\n<p>suivie d\u2019un d\u00e9bat.<\/p>\n\n\n\n<p>Ce documentaire explore les enjeux humains et sociaux de la transmission des fermes, notamment hors du cadre familial, dans un contexte de d\u00e9clin rapide du nombre d\u2019agriculteurs et de maintien d&rsquo;un mode d&rsquo;agriculture et d&rsquo;alimentation sains. Il met en lumi\u00e8re le lien des paysans \u00e0 la Terre, les initiatives solidaires comme Terre de Liens et la n\u00e9cessit\u00e9 de repenser les mod\u00e8les agricoles pour un avenir durable.<\/p>\n\n\n\n<p><strong>Les personnes int\u00e9ress\u00e9es \u00e0 donner un coup de main pour l\u2019installation sont invit\u00e9es \u00e0 venir d\u00e8s 18h30.<\/strong><\/p>\n\n\n\n<p><strong>* Collectif alimentaire<\/strong><\/p>\n\n\n\n<p>Jacques enverra un framadate pour reprendre une date pour une prochaine r\u00e9union.<\/p>\n\n\n\n<p><strong>* Agenda<\/strong><\/p>\n\n\n\n<p><strong>\u2013&nbsp;<\/strong>jeudi 13 novembre \u00e0 16h \u00e0 la Maison de la culture et de l&rsquo;amiti\u00e9, 11 rue Kageneck&nbsp;(quartier gare). Inscription sur&nbsp;: <a href=\"https:\/\/framadate.org\/MunicipalesAlimentation26\">https:\/\/framadate.org\/MunicipalesAlimentation26<\/a><\/p>\n\n\n\n<p>R\u00e9union des acteurs locaux de l&rsquo;alimentation. Objectif&nbsp;: <strong>organiser collectivement une action concr\u00e8te<\/strong>&nbsp;pour impliquer les candidats autour de cette th\u00e9matique commune qu&rsquo;est l&rsquo;alimentation durable<\/p>\n\n\n\n<p>\u2013&nbsp;jeudi 25 novembre, r\u00e9union avec Somhack, \u00e0 la Cit\u00e9 administrative de 18h \u00e0 20h<\/p>\n\n\n\n<p><strong>* En projet&nbsp;:<\/strong><\/p>\n\n\n\n<p>Faire une action\/trimestre&nbsp;:<\/p>\n\n\n\n<p>* D\u00e9bats autour par ex. de l\u2019ind\u00e9pendance \u00e9nerg\u00e9tique, des ondes \u00e9lectromag\u00e9tiques, etc.<\/p>\n\n\n\n<p>* Go\u00fbter partag\u00e9, avec un atelier cuisine avec les enfants. Cf CSC Port du Rhin, l\u2019animatrice sur l\u2019alimentation durable, Ana\u00efs<\/p>\n\n\n\n<p>* Avec la Chambre de Consommation d\u2019Alsace<\/p>\n\n\n\n<p>* Formations&nbsp;: apprentissage de la prise de parole dans le d\u00e9bat<\/p>\n\n\n\n<p>* Th\u00e9\u00e2tre-forum<\/p>\n\n\n\n<p>___________________________________________________________________________<\/p>\n\n\n\n<p><\/p>\n\n\n\n<p class=\"has-medium-font-size\"><strong><u>Prochaine r\u00e9union&nbsp;<\/u><\/strong><strong>: le 25 avril 2025<\/strong><\/p>\n\n\n\n<p><strong>Brasserie<\/strong> Au Mandala \u2013 14 rue du Faubourg de Saverne &#8211; Strasbourg<\/p>\n\n\n\n<p class=\"has-large-font-size\"><strong>Compte Rendu de la r\u00e9union du 25 mars 2025<\/strong><\/p>\n\n\n\n<p><strong>Pr\u00e9sent.e.s<\/strong> <strong>:<\/strong> Marika , Jonas, Odile, Jacques, Fran\u00e7oise,<\/p>\n\n\n\n<p><strong>1. Pr\u00e9sentation deVRAC, Jonas Capozio, membre du CA<\/strong><\/p>\n\n\n\n<p>Groupement d\u2019achats, avec une distribution mensuelle par quartiers (une dizaine de quartiers couverts). Il s\u2019agit de passer commande directement aupr\u00e8s des producteurs, sans interm\u00e9diaire .<\/p>\n\n\n\n<p>Voir le document sur l\u2019association, joint au mail.<\/p>\n\n\n\n<p><strong>2.&nbsp; Collectif alimentaire<\/strong><\/p>\n\n\n\n<p>Autour d\u2019une alimentation saine, de qualit\u00e9, de proximit\u00e9, et accessible \u00e0 toute personne. Pour une mise en r\u00e9seau des comp\u00e9tences. Travailler aussi avec la soci\u00e9t\u00e9 civile.<\/p>\n\n\n\n<p><strong>Organisation d\u2019un \u00e9v\u00e8nement commun<\/strong>, en septembre, avec Maryama Coulombeau, \u00e9tudiante en architecture \u00e0 l\u2019Insa, et innovactif, collectif d\u2019\u00e9tudiants qui veulent s\u2019engager dans l\u2019\u00e9cologie&nbsp;:<\/p>\n\n\n\n<p>* Recherche d\u2019une librairie pour accueillir Karine Jacquelard, autour de son livre Les dangers de notre alimentation.<\/p>\n\n\n\n<p>* Faire un listing des structures susceptibles d\u2019\u00eatre int\u00e9ress\u00e9es avec leurs coordonn\u00e9es<\/p>\n\n\n\n<p>* Faire un descriptif d\u2019un \u00e9tat des lieux au niveau local et national<\/p>\n\n\n\n<p><br><strong>3 Visite \u00e0 Ungersheim<\/strong><\/p>\n\n\n\n<p><br>Nous pr\u00e9voyons d\u2019organiser une visite de ce village r\u00e9f\u00e9rence mondiale de village \u00e9co-responsable,<\/p>\n\n\n\n<p><\/p>\n\n\n\n<h1 class=\"wp-block-heading\">Compte rendu du 19\/12\/2024<\/h1>\n\n\n\n<p><strong>Prochaine r\u00e9union le&nbsp; 24\/01\/2025<\/strong><\/p>\n\n\n\n<p><strong>de 17h30 \u00e0 18h45<\/strong><\/p>\n\n\n\n<p><strong>Brasserie<\/strong>&nbsp;Au Tivoli, 71, rue Boecklin \u2013 Strasbourg Robertsau<\/p>\n\n\n\n<p><strong>Compte Rendu de la r\u00e9union du&nbsp;<\/strong><strong>19\/12\/24<\/strong><\/p>\n\n\n\n<p><strong>Pr\u00e9sent.e.s<\/strong>&nbsp;<strong>:<\/strong>&nbsp;Nadine Escapa, Francedo, Jacques,&nbsp; Marika, &nbsp;&nbsp;Fran\u00e7oise, Odile<\/p>\n\n\n\n<p><strong>* Sine Bussiere,<\/strong><\/p>\n\n\n\n<p><strong>&nbsp;F<\/strong>rancedo et Fran\u00e7oise prendront rendez-vous avec Floriane Dupr\u00e9, coordinatrice du r\u00e9seau \u00e9ducation et environnement du Sine de Bussi\u00e8re.<\/p>\n\n\n\n<p>Pour pr\u00e9senter le projet de loi, et conna\u00eetre leurs projets (reconduction de l\u2019\u00e9v\u00e9nement \u00ab&nbsp;Faut Qu\u2019on S\u2019Bouge !&nbsp;\u00bb, une journ\u00e9e militante avec des associations qui sont engag\u00e9es pour le vivant&nbsp;?),<\/p>\n\n\n\n<p><a>*&nbsp;<\/a><strong>Subvention<\/strong><\/p>\n\n\n\n<p>\u2013 Jacques et Odile prendront rendez-vous avec le service concern\u00e9 pour la r\u00e9daction de la prochaine demande.<\/p>\n\n\n\n<p><strong>* Visite sur le terrain.<\/strong><\/p>\n\n\n\n<p>S-E pourrait participer \u00e0 une animation sur le projet R\u00e9gie des Ecrivains\/Ct\u00e9 de l\u2019Ill.<\/p>\n\n\n\n<p><strong>* R\u00e9union th\u00e9matique trimestrielle.<\/strong><\/p>\n\n\n\n<p>Approcher des personnes susceptibles d\u2019intervenir sur le sujet de l\u2019agroalimentaire. Au caf\u00e9 Michel ou bien&nbsp;?<\/p>\n\n\n\n<h1 class=\"wp-block-heading has-black-color has-text-color has-link-color wp-elements-7516beb951f044ba64974fcd89ff94a4\"><a href=\"https:\/\/www.strasbourg-ecologie.org\/?p=535\">Compte Rendu du 21\/11\/2024<\/a><\/h1>\n\n\n\n<p><\/p>\n\n\n\n<p><strong>Prochaine r\u00e9union le&nbsp; 19\/1<\/strong>2\/2024<\/p>\n\n\n\n<p><strong>de 17h00 \u00e0 18h15<\/strong><\/p>\n\n\n\n<p><strong>Brasserie<\/strong>&nbsp;Au Tivoli, 71, rue Boecklin \u2013 Strasbourg Robertsau<\/p>\n\n\n\n<p><strong>Compte Rendu de la r\u00e9union du&nbsp;<\/strong><strong>21\/11\/2024<\/strong><\/p>\n\n\n\n<p><strong>Pr\u00e9sent.e.s<\/strong>&nbsp;<strong>:<\/strong>&nbsp;Francedo, Jacques,&nbsp; Marika, &nbsp;&nbsp;Odile<\/p>\n\n\n\n<p><strong>* Projet INTERREG \u2018<\/strong>Universit\u00e9 Sciences &amp; Ing\u00e9nierie supra mol\u00e9culaire Strasbourg<\/p>\n\n\n\n<p>\u2013 Mail&nbsp;:&nbsp;<a href=\"mailto:sustainablefood@misha\">sustainablefood@misha<\/a>,fr&nbsp;&nbsp;&nbsp;&nbsp;&nbsp;&nbsp;&nbsp;&nbsp; Julien Penin, vice-pr\u00e9sident<\/p>\n\n\n\n<p>\u2013 Projet&nbsp; transfrontalier&nbsp; sur 3 ans, France, Suisse et Allemagne. A garder sous le coude<\/p>\n\n\n\n<p><a>*&nbsp;<\/a><strong>Subvention<\/strong><\/p>\n\n\n\n<p>-Pas de nouvelle. Donc pas d\u2019attribution<\/p>\n\n\n\n<p><strong>* Visite Mairie de Breuschwickersheim<\/strong><\/p>\n\n\n\n<p>Malheureusement force est de constater un changement de discours chez Mme la Maire, Doris Ternoy.<\/p>\n\n\n\n<p><strong>* Proposition de r\u00e9union<\/strong><\/p>\n\n\n\n<p>Une r\u00e9union\/trimestre est envisag\u00e9e. Elle aurait lieu par exemple au snack Michel (encore \u00e0 discuter), avec un th\u00e8me.<\/p>\n\n\n\n<p><strong>* Article DNA non publi\u00e9<\/strong><\/p>\n\n\n\n<p>A revoir pour Rue89&nbsp;?<\/p>\n\n\n\n<h1 class=\"wp-block-heading has-black-color has-text-color has-link-color wp-elements-43b49024cbc233cbeab8a40b70558b3a\"><a href=\"https:\/\/www.strasbourg-ecologie.org\/?p=530\">Compte rendu du 27\/06\/2024<\/a><\/h1>\n\n\n\n<p><\/p>\n\n\n\n<figure class=\"wp-block-image\"><img loading=\"lazy\" decoding=\"async\" width=\"742\" height=\"1024\" src=\"https:\/\/www.strasbourg-ecologie.org\/wp-content\/uploads\/2025\/01\/image-1-742x1024.png\" alt=\"\" class=\"wp-image-531\" srcset=\"https:\/\/www.strasbourg-ecologie.org\/wp-content\/uploads\/2025\/01\/image-1-742x1024.png 742w, https:\/\/www.strasbourg-ecologie.org\/wp-content\/uploads\/2025\/01\/image-1-217x300.png 217w, https:\/\/www.strasbourg-ecologie.org\/wp-content\/uploads\/2025\/01\/image-1-768x1060.png 768w, https:\/\/www.strasbourg-ecologie.org\/wp-content\/uploads\/2025\/01\/image-1.png 815w\" sizes=\"auto, (max-width: 742px) 100vw, 742px\" \/><\/figure>\n\n\n\n<h1 class=\"wp-block-heading has-black-color has-text-color has-link-color wp-elements-8e70fe5ca107677112e3623b70ffc377\"><a href=\"https:\/\/www.strasbourg-ecologie.org\/?p=522\">Invitations et r\u00e9unions<\/a><\/h1>\n\n\n\n<p><strong>Invitations<\/strong><\/p>\n\n\n\n<p><strong>L<\/strong><strong>e 1<sup>er<\/sup>&nbsp;juin<\/strong>&nbsp;nous vous invitons \u00e0 Erstein pour journ\u00e9e de d\u00e9couverte et d\u2019\u00e9change sur deux lieux de maraichage&nbsp;:<\/p>\n\n\n\n<p>\u2013&nbsp; au terrain \u00ab&nbsp;Le Champ des Oiseaux&nbsp;\u00bb pour une visite du site et des explications sur les syst\u00e8mes mis en place et les perspectives maraich\u00e8res bio.<\/p>\n\n\n\n<p>-Pr\u00e9sentation du lien avec les cr\u00e8ches de Strasbourg (\u00e9changes avec Britta, responsable de Krysalis)<\/p>\n\n\n\n<p>-Apr\u00e8s cette visite direction \u00ab&nbsp;Canop\u2019terre&nbsp;\u00bb (&nbsp;\u00e9co-lieu p\u00e9dagogique d\u00e9di\u00e9 \u00e0 l\u2019agro\u00e9cologie, proposant visites, stages, ateliers, accueils scolaires, chantiers participatifs et manifestations culturelles au jardin),&nbsp;pour participer \u00e0 la journ\u00e9e porte ouverte, visite du lieu et rencontre avec Olivier pour d\u00e9tailler l\u2019activit\u00e9 de l\u2019association et d\u00e9couvrir ou red\u00e9couvrir les vertus de l\u2019agro\u00e9cologie.<\/p>\n\n\n\n<p>Pour le repas 2 options s\u2019offrent \u00e0 nous, soit un repas tir\u00e9 du sac soit profiter des plats propos\u00e9s par Canop\u2019terre (knacks, cr\u00eapes, l\u00e9gumes du jardin)!&nbsp;<\/p>\n\n\n\n<p><strong>Rendez-vous \u00e0 10h&nbsp;<\/strong><strong>sur le parking de l\u2019h\u00f4pital d\u2019Erstein<\/strong>&nbsp;(Route de Krafft). &nbsp;Jacques a trois places dans sa voiture.<\/p>\n\n\n\n<p><strong>Le 25 mai<\/strong>&nbsp;nous comptons participer \u00e0 l\u2019assembl\u00e9e g\u00e9n\u00e9rale de \u00ab&nbsp;pour-une-s\u00e9curit\u00e9-sociale-de-l-alimentation&nbsp;\u00bb. Jacques a trois places dans sa voiture.<\/p>\n\n\n\n<p>Inscription&nbsp;: &nbsp;<a href=\"https:\/\/www.helloasso.com\/associations\/pour-une-securite-sociale-de-l-alimentation-alsace\/evenements\/titre\" target=\"_blank\" rel=\"noreferrer noopener\">https:\/\/www.helloasso.com\/associations\/pour-une-securite-sociale-de-l-alimentation-alsace\/evenements\/titre<\/a><\/p>\n\n\n\n<p><\/p>\n\n\n\n<p><strong>Prochaine r\u00e9union le Jeudi 07 juin \u00e0 17h, au Tivoli \u2013 Restaurant, 71 r Boecklin, 67000 Strasbourg<\/strong><\/p>\n\n\n\n<p><strong>2024-05-15 compte rendu<\/strong><\/p>\n\n\n\n<p><strong>Revue de presse par Marika.<\/strong><\/p>\n\n\n\n<ul class=\"wp-block-list\">\n<li>&nbsp;Informations parues dans les DNA sur les cantines scolaires<\/li>\n\n\n\n<li>Le chef Haeberlin dans les cuisines du CROUS \u00e0 Strasbourg<\/li>\n\n\n\n<li>La ville de Villejuif a acquis la ferme des Fremis le 24 octobre 2023. Elle est situ\u00e9e \u00e0 Tannerre-en-Puisaye dans l\u2019Yonne \u00e0 1h45 de Villejuif seulement. L\u2019achat de la ferme s\u2019accompagne de deux cr\u00e9ations de poste \u00e0 temps complet : une responsable d\u2019exploitation et une maraich\u00e8re. En poste depuis le 30 octobre, ces agents assureront l\u2019exploitation et l\u2019acheminement des productions. En effet, ce projet permet d\u2019utiliser les 2 hectares de production agricole biologique pour nourrir les enfants des cr\u00e8ches de la ville ce qui repr\u00e9sente 230 repas quotidiens.<\/li>\n<\/ul>\n\n\n\n<p><strong>Les projets de la ville en mati\u00e8re de Cantines scolaires<\/strong><\/p>\n\n\n\n<ul class=\"wp-block-list\">\n<li>Des sites sans cantines scolaires bient\u00f4t \u00e9quip\u00e9s<\/li>\n<\/ul>\n\n\n\n<p>Groupe scolaire Reuss \u00e0 la rentr\u00e9e 2025<\/p>\n\n\n\n<p>Groupe scolaire Pourtal\u00e8s \u00e0 la rentr\u00e9e 2027<\/p>\n\n\n\n<p>Des sites satur\u00e9s, obligeant \u00e0 du d\u00e9lestage, dont la situation va \u00e9voluer<\/p>\n\n\n\n<p>Ecole maternelle Camille Claus \u2013 Construction d\u2019une cantine avec cuisine sur place en 2025<\/p>\n\n\n\n<p>Groupe scolaire de la Robertsau \u2013 Reconstruction d\u2019une cantine avec cuisine sur place en 2028<\/p>\n\n\n\n<p>Groupe scolaire El\u00e9onore (Hautepierre) \u2013 Construction d\u2019une cantine avec cuisine sur place en 2030<\/p>\n\n\n\n<ul class=\"wp-block-list\">\n<li>De nouveaux groupes scolaires avec une possibilit\u00e9 de cuisiner sur place et de se restaurer dans un m\u00eame lieu :<\/li>\n<\/ul>\n\n\n\n<p>Groupe scolaire Jean Mentelin \u00e0 la rentr\u00e9e 2024<\/p>\n\n\n\n<p>Groupe scolaire Meinau \u2013 Krimmeri \u00e0 la rentr\u00e9e 2025<\/p>\n\n\n\n<p>Groupe scolaire Starlette \u2013 rentr\u00e9e 2027<\/p>\n\n\n\n<p>Groupe scolaire Schongauer \u2013 rentr\u00e9e 2027<\/p>\n\n\n\n<p>Groupe scolaire Jesuitenfeld (Neuhof) \u2013 rentr\u00e9e 2030<\/p>\n\n\n\n<p><strong>Bien qu\u2019il soit pr\u00e9vu de mettre en place une cuisine sur place les cantines seront g\u00e9r\u00e9s par des groupes de l\u2019agroalimentaire sur appels d\u2019offres.<\/strong><\/p>\n\n\n\n<p><strong>Rendez-vous<\/strong><\/p>\n\n\n\n<p>&nbsp;2024-04-15&nbsp;: Fran\u00e7oise et Odile ont rencontr\u00e9 La maire Doris Ternoy de Breuschwickersheim, \u00e0 sa demande, pour faire un \u00e9tat des lieux des projets de l\u2019Eurom\u00e9tropole dans le domaine de l\u2019alimentation<\/p>\n\n\n\n<p>2024-04-30&nbsp;: Fran\u00e7oise et Odile ont rencontr\u00e9 le Dr Felz adjoint \u00e0 la sant\u00e9 pour \u00e9changer sur la situation alimentaire \u00e0 Strasbourg dont celle des H\u00f4pitaux. Le Dr. &nbsp;Felz reconnait que la nourriture y est d\u00e9testable, mais la situation est verrouill\u00e9e par un contrat avec Elior. Il y a un probl\u00e8me de prise de conscience et de volont\u00e9 politique.<\/p>\n\n\n\n<p>2024-05-07 : Fran\u00e7oise et Odile ont rencontr\u00e9 Sohmack pour renforcer les liens entre la S\u00e9curit\u00e9 Sociale alimentaire et Strasbourg Ecologie<\/p>\n\n\n\n<p>Nous comptons participer \u00e0 leur assembl\u00e9e g\u00e9n\u00e9rale le 25 mai. Jacques a trois places dans sa voiture.<\/p>\n\n\n\n<p>Inscription&nbsp;: &nbsp;<a href=\"https:\/\/www.helloasso.com\/associations\/pour-une-securite-sociale-de-l-alimentation-alsace\/evenements\/titre\" target=\"_blank\" rel=\"noreferrer noopener\">https:\/\/www.helloasso.com\/associations\/pour-une-securite-sociale-de-l-alimentation-alsace\/evenements\/titre<\/a><\/p>\n\n\n\n<p><strong>Projets<\/strong><\/p>\n\n\n\n<p>Rencontre avec J.B. Kraus (mara\u00eecher) \u00e0 Erstein le 07 Juin<\/p>\n\n\n\n<p>Sur proposition du S\u00e9nateur Jacques Ferrique nous allons cr\u00e9er un groupe de travail sur un projet de loi agricole.&nbsp; Il s\u2019agit en autre de sauver l\u2019agriculture de la financiarisation. Prise de contact avec plusieurs acteurs pour y travailler&nbsp;: cf. du lundi 20-05<\/p>\n\n\n\n<p><a href=\"https:\/\/www.strasbourg-ecologie.org\/?cat=1\">non class\u00e9<\/a><\/p>\n\n\n\n<h1 class=\"wp-block-heading has-black-color has-text-color has-link-color wp-elements-7ba3fc676f6978fdd0e2663356e5aba5\"><a href=\"https:\/\/www.strasbourg-ecologie.org\/?p=517\">Prochaine r\u00e9union le&nbsp; mercredi 15\/05\/2024<\/a><\/h1>\n\n\n\n<p>de 18h00 \u00e0 19h15<\/p>\n\n\n\n<p>Brasserie Au Tivoli, 71, rue Boecklin \u2013 Strasbourg Robertsau<\/p>\n\n\n\n<p>Compte Rendu de la r\u00e9union du 10 \/04\/2024<\/p>\n\n\n\n<p>Pr\u00e9sent.e.s : Elo\u00efse Verge, Marika Magrammame, Jacques Werckmann, Fran\u00e7oise<br>Werckmann , Odile P\u00e9rez, Beata Hildebrand<br>Excus\u00e9.es : Jean-Baptiste Krauss, St\u00e9phanie Karmann, France-Dominique Laubl\u00e9,<br>G\u00e9rald Brothier, Patricia Collomb, Marianne Vollet-Gless<\/p>\n\n\n\n<ul class=\"wp-block-list\">\n<li>Rencontre avec Jacques Fernique:<br>Constituer un groupe de travail pour travailler le projet de loi. A lui soumettre ensuite<\/li>\n\n\n\n<li>Contacts&nbsp;:<\/li>\n\n\n\n<li>Rv avec Alexandre Feltz et Doris Ternoy semaine prochaine<\/li>\n\n\n\n<li>Contacter le Cercle Gutenberg, Pierre Rouquette, Pia Imbs, Patrice Barbier, Lyc\u00e9e<br>h\u00f4telier, Fran\u00e7ois Juan de Eckbolsheim, Laura Verg\u00e9. Reprendre contact avec les CSC<\/li>\n\n\n\n<li>Article dans les DNA \u00e0 finaliser pour envoi<\/li>\n\n\n\n<li>P\u00e9tition nationale avec le Ceser&nbsp;:<br>Constituer un groupe de travail&nbsp;: Qui est int\u00e9ress\u00e9&nbsp;?<\/li>\n\n\n\n<li>Ev\u00e8nements \u00e0 pr\u00e9parer&nbsp;:<\/li>\n\n\n\n<li>Ap\u00e9ro d\u00eenatoire<\/li>\n\n\n\n<li>Visite de la ferme \u00e0 Erstein&nbsp;: dates 07 jiuin ou 120juin (celle du 27 mai ne pouvant<br>\u00eatre retenue).<\/li>\n\n\n\n<li>Subvention pour fonctionnement&nbsp;: \u00e0 finaliser pour envoi<\/li>\n<\/ul>\n\n\n\n<p><\/p>\n\n\n\n<figure class=\"wp-block-image size-full\"><img loading=\"lazy\" decoding=\"async\" width=\"462\" height=\"664\" src=\"https:\/\/www.strasbourg-ecologie.org\/wp-content\/uploads\/2025\/01\/image-2.png\" alt=\"\" class=\"wp-image-554\" srcset=\"https:\/\/www.strasbourg-ecologie.org\/wp-content\/uploads\/2025\/01\/image-2.png 462w, https:\/\/www.strasbourg-ecologie.org\/wp-content\/uploads\/2025\/01\/image-2-209x300.png 209w\" sizes=\"auto, (max-width: 462px) 100vw, 462px\" \/><\/figure>\n\n\n\n<p><strong>ASSEMBLEE GENERALE<\/strong><\/p>\n\n\n\n<p><strong>27 F\u00c9VRIER 2024<\/strong><\/p>\n\n\n\n<ol start=\"1\" class=\"wp-block-list\">\n<li><strong>Rappel des actions pass\u00e9es&nbsp;:<\/strong><\/li>\n<\/ol>\n\n\n\n<ul class=\"wp-block-list\">\n<li>&nbsp;Mise en ligne d\u2019une p\u00e9tition pour une alimentation saine et de qualit\u00e9 (plus de 1400 signatures). Cette p\u00e9tition a \u00e9t\u00e9 remise \u00e0 Madame Barseghian&nbsp; au mois de juin.<\/li>\n\n\n\n<li>Conf\u00e9rences-d\u00e9bat \u00e0 la Maison des Associations<\/li>\n\n\n\n<li>Stammtisch au Michel<\/li>\n\n\n\n<li>Participation au festival AlimentTerre<\/li>\n\n\n\n<li>Rencontre avec des \u00e9lu.e.s de la Dordogne et de P\u00e9rigueux<\/li>\n\n\n\n<li>Actions d\u2019information aupr\u00e8s des \u00e9lus locaux et nationaux<\/li>\n\n\n\n<li>D\u00e9veloppement de partenariats avec des associations \u0153uvrant dans le sens d\u2019une agriculture durable et de qualit\u00e9 ( S\u00e9curit\u00e9 sociale alimentaire, Sine Bussiere, Ferme Les Jardins de Marthe, la coop\u00e9rative paysanne du Carr\u00e9 du ver luisant et Le champ des oiseaux\u2026.).<\/li>\n<\/ul>\n\n\n\n<p><em>&#8211; Bilan approuv\u00e9 \u00e0 l\u2019unanimit\u00e9.<\/em><\/p>\n\n\n\n<p><strong>&nbsp;&nbsp;&nbsp;&nbsp; <\/strong><strong>2. Approbation des comptes<\/strong><\/p>\n\n\n\n<p><strong>Bilan&nbsp; Financier 2023<\/strong><\/p>\n\n\n\n<figure class=\"wp-block-table\"><table><tbody><tr><td colspan=\"2\"><strong>Recettes<\/strong><\/td><td colspan=\"2\"><strong>D\u00e9penses<\/strong><\/td><\/tr><tr><td>Solde 2022<\/td><td><strong>&nbsp;&nbsp; <\/strong>&nbsp;72<\/td><td>Assurances<\/td><td>117,57<\/td><\/tr><tr><td>Cotisation<\/td><td>&nbsp; 190<\/td><td>Domaines et WordPress<\/td><td>146,91<\/td><\/tr><tr><td>Dons<\/td><td><strong>&nbsp; <\/strong>263,48<\/td><td>Locations audio<\/td><td>&nbsp; 50<\/td><\/tr><tr><td><\/td><td><\/td><td>Location salle<\/td><td>&nbsp; 92<\/td><\/tr><tr><td><\/td><td><\/td><td>D\u00e9placements<\/td><td>&nbsp; 80<\/td><\/tr><tr><td><\/td><td><\/td><td>Flyers<\/td><td>&nbsp; 39<\/td><\/tr><tr><td><strong>Totaux<\/strong><\/td><td><strong>&nbsp; <\/strong>525,48<\/td><td>&nbsp;<\/td><td>525,48<\/td><\/tr><\/tbody><\/table><\/figure>\n\n\n\n<p>Reste un solde positif de 262 \u20ac.<br><br><em>&#8211; Approbation des comptes \u00e0 l\u2019unanimit\u00e9.<\/em><\/p>\n\n\n\n<p>&nbsp;&nbsp; <strong>&nbsp;&nbsp;<\/strong><strong>3. Actions \u00e0 venir<\/strong><\/p>\n\n\n\n<ul class=\"wp-block-list\">\n<li>Poursuite et d\u00e9veloppement des partenariats aupr\u00e8s des associations pour une autonomie et une s\u00e9curit\u00e9 alimentaires de qalit\u00e9<\/li>\n\n\n\n<li>D\u00e9veloppement des relations avec des \u00e9lu.e.s locaux, nationaux et europ\u00e9ens<\/li>\n\n\n\n<li>Actions d\u2019information aupr\u00e8s des parents d\u2019\u00e9l\u00e8ves et des familles&nbsp;&nbsp;&nbsp;&nbsp;<\/li>\n\n\n\n<li>Visites d\u2019exploitations mara\u00eech\u00e8res<\/li>\n\n\n\n<li>Organisation d\u2019un \u00e9v\u00e8nement autour du mara\u00eechage bio \u00e0 Strasbourg et l\u2019Eurom\u00e9tropole<\/li>\n<\/ul>\n\n\n\n<p><em>&#8211; Approuv\u00e9 \u00e0 l\u2019unanimit\u00e9<\/em><\/p>\n\n\n\n<p><strong>&nbsp;4. Renouvellement du bureau<\/strong><\/p>\n\n\n\n<p>&#8211; Se repr\u00e9sentent la pr\u00e9sidente, Fran\u00e7oise Werckmann et la secr\u00e9taire Odile P\u00e9rez<\/p>\n\n\n\n<p>&#8211; D\u00e9mission de la tr\u00e9sori\u00e8re, France-Dominique Laubl\u00e9, remplac\u00e9e par Jacques Werckmann<\/p>\n\n\n\n<p><em>Nouveau bureau approuv\u00e9 \u00e0 l\u2019unanimit\u00e9.<\/em><\/p>\n\n\n\n<p>__________________________________________________________________________<\/p>\n\n\n\n<p><\/p>\n\n\n\n<p><strong>Prochaine r\u00e9union le&nbsp;&nbsp; 15\/02\/2024<\/strong><\/p>\n\n\n\n<p><strong>de 17h00 \u00e0 18h15<\/strong><\/p>\n\n\n\n<p><strong>Brasserie<\/strong> Au Tivoli, 71, rue Boecklin &#8211; Strasbourg Robertsau<\/p>\n\n\n\n<p><strong>Compte Rendu de la r\u00e9union du <\/strong><strong>&nbsp;18 \/01\/2024<\/strong><\/p>\n\n\n\n<p><strong>Pr\u00e9sent.e.s<\/strong> <strong>:<\/strong>Marika Magrammame, Jacques Werckmann, Fran\u00e7oise Werckmann ,&nbsp; Odile P\u00e9rez&nbsp;<\/p>\n\n\n\n<p><strong>Excus\u00e9.es : <\/strong>&nbsp;Jean-Baptiste Krauss, St\u00e9phanie Karmann,&nbsp; France-Dominique Laubl\u00e9, \u00c9lo\u00efse Verge, G\u00e9rald Brothier, Beata Hildebrand,&nbsp; Patricia Collomb, Marianne Vollet-Gless<\/p>\n\n\n\n<p><a><strong>* <\/strong><\/a><strong>Cantine sur place \/\u00e9cole de Koenigshoffen <\/strong>:<\/p>\n\n\n\n<p>Faire un article dans les DNA<\/p>\n\n\n\n<p><strong>* Prochaine AG&nbsp;.<\/strong><\/p>\n\n\n\n<p><strong>&#8211;<\/strong> Elle devrait avoir lieu le 27 f\u00e9vrier \u00e0 l\u2019Escale<\/p>\n\n\n\n<p>&#8211; Conf\u00e9rences&nbsp;: sur les bio min\u00e9raux, par Jacques, dont ceux utilis\u00e9s pour la sant\u00e9 des plantes et des gens&nbsp;; + un deuxi\u00e8me intervenant<\/p>\n\n\n\n<p>&nbsp;Pr\u00e9voir des flyers&nbsp;;<\/p>\n\n\n\n<p>* Faire le d\u00e9roul\u00e9.<\/p>\n\n\n\n<p><a><strong>* C<\/strong><\/a><strong>ontacter Jacques Fernique, Alexandre Feltz<\/strong><\/p>\n\n\n\n<p><strong>* Subvention pour fonctionnement&nbsp;: <\/strong>\u00e0 finaliser pour envoi<\/p>\n\n\n\n<p>__________________________________________________________<\/p>\n\n\n\n<p><\/p>\n\n\n\n<p><strong>Prochaine r\u00e9union le&nbsp; 18 \/01\/2024<\/strong><\/p>\n\n\n\n<p><strong>de 17h00 \u00e0 18h15<\/strong><\/p>\n\n\n\n<p><strong>Brasserie<\/strong> Au Tivoli, 71, rue Boecklin &#8211; Strasbourg Robertsau<\/p>\n\n\n\n<p><strong>Compte Rendu de la r\u00e9union du <\/strong><strong>&nbsp;14 \/12\/2023&nbsp;&nbsp;&nbsp;&nbsp;<\/strong><\/p>\n\n\n\n<p><strong>Pr\u00e9sent.e.s<\/strong> <strong>:<\/strong> Jean-Baptiste Krauss, Marika Magrammame, Jacques Werckmann, Fran\u00e7oise Werckmann ,&nbsp; France-Dominique Laubl\u00e9, &nbsp;Patricia Collomb, &nbsp;Odile P\u00e9rez&nbsp;<\/p>\n\n\n\n<p><strong>Excus\u00e9.es : <\/strong>&nbsp;\u00c9lo\u00efse Verge, Emmanuel Fernandes,&nbsp; G\u00e9rald Brothier, Beata Hildebrand,&nbsp; Claude Baudoin, Delphine Koepf<\/p>\n\n\n\n<p><a><strong>* <\/strong><\/a><strong>Debriefing soir\u00e9e stammtisch<\/strong>&nbsp;: une trentaine de personnes pr\u00e9sentes.<\/p>\n\n\n\n<p>Le d\u00e9bat a permis d\u2019\u00e9largir nos contacts (un mara\u00eecher, le responsable du GL de Greenpeace, une aide-soignante\u2026) et donn\u00e9 lieu \u00e0 des propositions concr\u00e8tes, comme&nbsp;: mobilisation cityen.ne.s\/cr\u00e8ches \u2013 levier soci\u00e9t\u00e9 civile pour une directive au niveau europ\u00e9en \u2013 Constat&nbsp;: comment rem\u00e9dier au manque d\u2019informations&nbsp;?<\/p>\n\n\n\n<p>La distribution de flyers a permis d\u2019informer et de discuter sur la th\u00e9matique. On constate que&nbsp; les personnes sont tr\u00e8s int\u00e9ress\u00e9es et soutiennent nos actions.<\/p>\n\n\n\n<p><strong>* Nouveaux Contacts&nbsp;.<\/strong><\/p>\n\n\n\n<p><strong>*<\/strong> Mara\u00eecher&nbsp;:<\/p>\n\n\n\n<p>Jean-Baptiste : Son financement participatif a pu atteindre l\u2019objectif fix\u00e9.<\/p>\n\n\n\n<p>Il nous met en contact avec les micro-cr\u00e8ches d\u2019Erstein (Britta Berndt). Ainsi que Canop\u2019Terre (<a href=\"https:\/\/canopterre.fr\/\">https:\/\/canopterre.fr\/<\/a>), les Amis de la conf\u00e9d\u00e9ration paysanne, les Ecocitoyens d\u2019Erstein (<a href=\"https:\/\/www.ecocitoyens-erstein.fr\/\">https:\/\/www.ecocitoyens-erstein.fr\/<\/a>).<\/p>\n\n\n\n<p>. Au printemps, d\u00e9but mai, une sortie de l\u2019association se fera \u00e0 Erstein. Ce sera l\u2019occasion de rencontrer les acteurs engag\u00e9s sur ce territoire.<\/p>\n\n\n\n<p>. Pour contacter les parents, un questionnaire va \u00eatre \u00e9labor\u00e9. Pour cela, Fran\u00e7oise et Jacques vont relire les documents \u00e9labor\u00e9s avec les parents par le pass\u00e9.<\/p>\n\n\n\n<p>. Voir et informer sur comment l\u2019alimentation influe sur la sant\u00e9 physique&nbsp; et mentale des enfants. Marika va nous envoyer un lien vers des m\u00e9decins qui se mobilisent.<\/p>\n\n\n\n<p>.<\/p>\n\n\n\n<p><strong>* Actions futures&nbsp;:<\/strong><\/p>\n\n\n\n<p>Revoir Sandra Regol pour la continuit\u00e9 du bien manger dans les cr\u00e8ches. L\u2019ordonnance verte c\u2019est tr\u00e8s bien, mais apr\u00e8s&nbsp;?<\/p>\n\n\n\n<p>D\u00e8s maintenant se renseigner aupr\u00e8s des cr\u00e8ches sur la qualit\u00e9 des repas servis aux petits.<\/p>\n\n\n\n<p>En continuit\u00e9 des articles dans les DNA et de la remise de la p\u00e9tition \u00e0 Mme la Maire (retour positif&nbsp;: la mairie parle maintenant de R\u00e9gie, et J. Barseghian se met en lien avec la maire de P\u00e9rigueux), pr\u00e9voir une conf\u00e9rence au printemps, ainsi qu\u2019une nouvelle p\u00e9tition \u00e0 faire tourner dans toute la ville.<\/p>\n\n\n\n<p>Pallier au manque d\u2019informations en mettant en place une banque de donn\u00e9es o\u00f9 tout le monde pourrait coop\u00e9rer. Se renseigner sur la faisabilit\u00e9. Qui peut aider&nbsp;?<\/p>\n\n\n\n<p>Questions&nbsp;:<\/p>\n\n\n\n<p>. Elior\/L\u2019Alsacienne de Restauration se vantent de proposer 30&nbsp;% de produits bio local. Mais qui sont les mara\u00eechers, producteurs concern\u00e9s&nbsp;? Quels types de contrat ont-ils pass\u00e9&nbsp;? Est-ce que cela leur offre un d\u00e9bouch\u00e9 int\u00e9ressant?Subissent-ils des pressions&nbsp;? Les 30% annonc\u00e9s sont-ils r\u00e9els, et comment et par qui est-ce contr\u00f4l\u00e9&nbsp;?<\/p>\n\n\n\n<p>. Quelles sont les conditions de travail des salari\u00e9s de la cuisine centrale&nbsp;?<\/p>\n\n\n\n<p>R\u00e9ponses \u00e0 trouver aupr\u00e8s de Doris Ternoy, Danielle Dambach, autre&nbsp;?<\/p>\n\n\n\n<p>Au printemps, et avant les \u00e9lections europ\u00e9ennes du 8 juin, r\u00e9interroger Emmanuel Fernandes.<\/p>\n\n\n\n<p>________________________________________________________________________________________________<\/p>\n\n\n\n<p><\/p>\n\n\n\n<p><\/p>\n\n\n\n<p><strong>Prochaine r\u00e9union le&nbsp; 14 \/12\/2023&nbsp;&nbsp;&nbsp;&nbsp;<\/strong><\/p>\n\n\n\n<p><strong>de 17h00 \u00e0 18h15<\/strong><\/p>\n\n\n\n<p><strong>Brasserie<\/strong> Au Tivoli, 71, rue Boecklin &#8211; Strasbourg Robertsau<\/p>\n\n\n\n<p><strong>Compte Rendu de la r\u00e9union du <\/strong><strong>&nbsp;23\/11\/ <\/strong><strong>\/<\/strong><strong>2023<\/strong><\/p>\n\n\n\n<p><strong>Pr\u00e9sent.e.s<\/strong> <strong>: <\/strong>Fran\u00e7oise Werckmann, Jacques Werckmann , Marika Magrammame, Patricia Collomb, France-Dominique Laubl\u00e9, &nbsp;&nbsp;&nbsp;Odile P\u00e9rez&nbsp;<\/p>\n\n\n\n<p><strong>Excus\u00e9.es : <\/strong>&nbsp;\u00c9lo\u00efse Verge, Emmanuel Fernandes,&nbsp; G\u00e9rald Brothier, Beata Hildebrand,&nbsp; Claude Baudoin<\/p>\n\n\n\n<p><strong>* Co\u00fbt des cantines. <\/strong>Document envoy\u00e9 par M. Dholland&nbsp;: \u00ab&nbsp;camembert&nbsp;\u00bb avec&nbsp;%. Manque d\u2019informations compl\u00e9mentaires. Nous continuons nos recherches.<\/p>\n\n\n\n<p><strong>* Nouveaux Contacts&nbsp;:<\/strong> Geenpeace.<\/p>\n\n\n\n<p><a><strong>* S<\/strong><\/a><strong>oir\u00e9e stammtisch<\/strong>&nbsp;:<\/p>\n\n\n\n<p>&#8211; Ditsribution de flyers sur les march\u00e9s&nbsp;: Fran\u00e7oise, Jacques et Odile<\/p>\n\n\n\n<p>&#8211; Agenda DNA&nbsp;: Jacques<\/p>\n\n\n\n<p><strong>* D\u00e9roul\u00e9.<\/strong><\/p>\n\n\n\n<p>1. Pr\u00e9sentation de l\u2019association&nbsp;: Fran\u00e7oise<\/p>\n\n\n\n<p>2. P\u00e9tition&nbsp;: Odile<\/p>\n\n\n\n<p>3. Dordogne, co\u00fbts&#8230;.&nbsp;: Jacques<\/p>\n\n\n\n<p>4. Audrey&nbsp;: les aventures de la carotte<\/p>\n\n\n\n<p>Avec l\u2019appui d\u2019un Ppt fait par Jacques.<\/p>\n\n\n\n<p>Suivi d\u2019un d\u00e9bat&nbsp;: Que faire&nbsp;? Pour plus de bio, et mise en place d\u2019un vrai projet avec les diff\u00e9rents acteurs dont agriculteurs et personnels de cuisine, et incluant les enfants et leurs parents. Sortir des prestataires.<\/p>\n\n\n\n<p>&#8211; Pr\u00e9ciser ce qu\u2019on veut<\/p>\n\n\n\n<p>________________________________________________________________________________________<\/p>\n\n\n\n<p>C<strong>itation de la maire de P\u00e9rigueux, Delphine Labails&nbsp;: \u00ab&nbsp;\u00ab&nbsp;Et cela ne co\u00fbtera pas plus cher puisque c\u2019est repositionn\u00e9 comme un service rendu au public et non une occasion de faire des b\u00e9n\u00e9fices en bourse pour une soci\u00e9t\u00e9 priv\u00e9e&nbsp;\u00bb.<\/strong><\/p>\n\n\n\n<p><strong>Prochaine r\u00e9union le&nbsp; 23\/11\/2023&nbsp;&nbsp;&nbsp;&nbsp;<\/strong><\/p>\n\n\n\n<p><strong>de 17h00 \u00e0 18h15<\/strong><\/p>\n\n\n\n<p><strong>Brasserie<\/strong> Au Tivoli, 71, rue Boecklin &#8211; Strasbourg Robertsau<\/p>\n\n\n\n<p><strong>Compte Rendu de la r\u00e9union du <\/strong><strong>&nbsp;12\/10\/ <\/strong><strong>\/<\/strong><strong>2023<\/strong><\/p>\n\n\n\n<p><strong>Pr\u00e9sent.e.s<\/strong> <strong>: <\/strong>Fran\u00e7oise Werckmann, France-Dominique Laubl\u00e9, Beata Hildebrand, \u00c9lo\u00efse Verge,&nbsp; Marika Magrammame,&nbsp; Odile P\u00e9rez&nbsp;<\/p>\n\n\n\n<p><strong>Excus\u00e9s: <\/strong>&nbsp;Emmanuel Fernandes, Patricia, G\u00e9rald Brothier, Jacques Werckmann,<\/p>\n\n\n\n<p><strong>* Subvention. <\/strong>&nbsp;Elle se fera par le biais du r\u00e9seau Sine Bussi\u00e8re. Et pour l\u2019imm\u00e9diat nous demanderons une aide au fonctionnement de 1000 euros.<\/p>\n\n\n\n<p><a><strong>* R<\/strong><\/a><strong>emise de la p\u00e9tition (compte-rendu).<\/strong><\/p>\n\n\n\n<p>Bien que M.&nbsp; Jeanne Barseghian, Dholland&nbsp; et Neumann nous assurent \u00eatre enti\u00e8rement d\u2019accord avec ce que nous portons, nousrepartonsd\u00e9\u00e7us. En effet, Mme la Maire affirme qu\u2019il faudra non moins de 3 mandats pour mettre ce projet en place.<br>Pour ce qui est de l\u2019\u00e9cole de Koenigshoffen, M. Neumann, apr\u00e8s avoir affirm\u00e9 lors de notre pr\u00e9c\u00e9dente entrevue, que ce serait en cuisine sur place mais sous l\u2019\u00e9gide d\u2019Elior-Alsacienne de restauration, assure que la d\u00e9cision ne sera prise que lors du d\u00e9lib\u00e9r\u00e9 du 6 novembre, et que nous ne pouvons donc pas dire aujourd\u2019hui qui l\u2019emportera (il semblerait que le coup de fil de Rue89 a servi \u00e0 cela).<\/p>\n\n\n\n<p>PROBL\u00c8ME&nbsp;: il s\u2019agit d\u2019argent public et la collectivit\u00e9 doit garder la main. + probl\u00e8me de la composition de l\u2019assiette qui ne doit pas \u00eatre celle du CAC40. M\u00eame si Neumann d\u00e9clare que Elior ne se l\u00e8ve pas le matin en voulant empoisonner les enfants, nous pensons n\u00e9anmoins que leur souci est de faire le maximum de profits. \u00ab&nbsp;Food is not buiness&nbsp;\u00bb.<\/p>\n\n\n\n<p>J. Barseghian a annonc\u00e9 qu\u2019elle contactera la maire de P\u00e9rigueux.<\/p>\n\n\n\n<p><strong>* Au niveau national. <\/strong>Emmanuel Fernandes se dit int\u00e9ress\u00e9. D\u2019ailleurs il a tenu \u00e0 s\u2019excuser de ne pouvoir assister \u00e0 la r\u00e9union.<\/p>\n\n\n\n<p>Poursuivre notre travail sur le plan l\u00e9gislatif.<\/p>\n\n\n\n<p><strong>* Festival AlimenTerre. <\/strong>Du 30\/10 au 30\/11. Francedo se renseigne au Snack Michel pour un format style \u00ab&nbsp;caf\u00e9-d\u00e9bat&nbsp;\u00bb.<\/p>\n\n\n\n<p>_______________________________________________________________________<\/p>\n\n\n\n<p><\/p>\n\n\n\n<p><\/p>\n\n\n\n<p><\/p>\n\n\n\n<figure class=\"wp-block-image size-large is-resized\"><img loading=\"lazy\" decoding=\"async\" width=\"1024\" height=\"768\" src=\"https:\/\/www.strasbourg-ecologie.org\/wp-content\/uploads\/2023\/10\/2023-10-12Petition-mairie-1024x768.jpg\" alt=\"\" class=\"wp-image-475\" style=\"aspect-ratio:1.3333333333333333;width:800px;height:auto\" srcset=\"https:\/\/www.strasbourg-ecologie.org\/wp-content\/uploads\/2023\/10\/2023-10-12Petition-mairie-1024x768.jpg 1024w, https:\/\/www.strasbourg-ecologie.org\/wp-content\/uploads\/2023\/10\/2023-10-12Petition-mairie-300x225.jpg 300w, https:\/\/www.strasbourg-ecologie.org\/wp-content\/uploads\/2023\/10\/2023-10-12Petition-mairie-768x576.jpg 768w, https:\/\/www.strasbourg-ecologie.org\/wp-content\/uploads\/2023\/10\/2023-10-12Petition-mairie-1536x1152.jpg 1536w, https:\/\/www.strasbourg-ecologie.org\/wp-content\/uploads\/2023\/10\/2023-10-12Petition-mairie.jpg 2000w\" sizes=\"auto, (max-width: 1024px) 100vw, 1024px\" \/><\/figure>\n\n\n\n<p><\/p>\n\n\n\n<p><\/p>\n\n\n\n<p><\/p>\n\n\n\n<p><strong>R\u00e9union Strasbourg \u00c9cologique<\/strong><\/p>\n\n\n\n<p><\/p>\n\n\n\n<p><strong>(Jeudi 12 octobre 2023)<\/strong><\/p>\n\n\n\n<p><strong><u>Contre-rendu de la p\u00e9tition&nbsp;: pour une meilleure restauration<\/u><\/strong>.<\/p>\n\n\n\n<p>Du c\u00f4t\u00e9 de la mairie, la maire Jeanne BARSEGHIAN \u00e9tait pr\u00e9sente, ainsi que Antoine NEUMANN (conseiller municipal d\u00e9l\u00e9gu\u00e9) et Guillaume DHOLLAND (collaborateur de cabinet), accompagn\u00e9s de deux femmes observatrices, dont l&rsquo;une avait \u00e9t\u00e9 pr\u00e9sent\u00e9e dans la communication interne.<\/p>\n\n\n\n<p>Jeanne a pris la parole au d\u00e9but de la r\u00e9union, bien qu&rsquo;elle devait partir dans les 30\/40 minutes suivantes. Ensuite, Odile a remis la p\u00e9tition, comprenant la charte et des documents annexes. Fran\u00e7oise a pris la parole par la suite, soulignant que la responsabilit\u00e9 d&rsquo;une cantine directe et rapide incombait \u00e0 la mairie. Elle a insist\u00e9 sur le fait que cette institution devait \u00eatre plac\u00e9e sous la responsabilit\u00e9 municipale. En g\u00e9n\u00e9ral, la mairie \u00e9tait d&rsquo;accord, mais le principal point de d\u00e9saccord portait sur l&rsquo;organisation pratique.<\/p>\n\n\n\n<p>Il a \u00e9t\u00e9 annonc\u00e9 qu&rsquo;il y aurait deux cantines en restauration directe dans les quartiers de la Meinau et Koenigshoffen. Une d\u00e9lib\u00e9ration le 6 novembre devait d\u00e9cider qui en aurait la gestion. On s&rsquo;oppose fermement \u00e0 ce qu&rsquo;Elior obtienne ce contrat, craignant une collaboration avec cette entreprise pour les cuisines. La mairie a affirm\u00e9 ne pas avoir encore pris de d\u00e9cision, laissant une opportunit\u00e9 pour nous d\u2019exercer une pression suppl\u00e9mentaire. Il a \u00e9t\u00e9 soulign\u00e9 que lors d&rsquo;un appel t\u00e9l\u00e9phonique avec RUE89, la mairie avait indiqu\u00e9 que rien n&rsquo;\u00e9tait encore d\u00e9cid\u00e9, bien que cela semblait diff\u00e9rent lors de leurs \u00e9changes avec nous.<\/p>\n\n\n\n<p>Fran\u00e7oise a \u00e9galement abord\u00e9 la difficult\u00e9 de la transition \u00e9cologique si on ne se d\u00e9tachait pas des influences des finances internationales. Elle a insist\u00e9 sur le r\u00f4le crucial des collectivit\u00e9s locales, r\u00e9gionales et nationales dans la gestion de ces questions, surtout \u00e9tant donn\u00e9 qu&rsquo;il s&rsquo;agit d&rsquo;argent public. Si on ach\u00e8te environ 40% de produits bio, mais m\u00eame si ceux-ci sont locaux et de qualit\u00e9, le probl\u00e8me demeure avec les autres produits.<\/p>\n\n\n\n<p>Ce n&rsquo;est pas \u00e0 Elior de d\u00e9cider, mais aux \u00e9lus responsables du bien-\u00eatre des individus et d&rsquo;une v\u00e9ritable transition \u00e9cologique. L&rsquo;argent public devrait \u00eatre g\u00e9r\u00e9 par eux-m\u00eames et non par une entreprise agro-alimentaire internationale.<\/p>\n\n\n\n<p>Il a \u00e9t\u00e9 mentionn\u00e9 que les \u00e9lus manquaient de transparence, et qu&rsquo;ils se focalisaient souvent sur les probl\u00e8mes financiers, n\u00e9gligeant la question fondamentale : que faire de l&rsquo;argent public et avec qui collaborer ? D\u2019o\u00f9 le fait qu\u2019on insiste sur la n\u00e9cessit\u00e9 d&rsquo;exiger un contr\u00f4le des prestations.<\/p>\n\n\n\n<p>Une phrase d&rsquo;Antoine NEUMANN, bien que pas cit\u00e9e mot \u00e0 mot : \u00ab&nbsp;Vous savez, Elior veut faire du bon travail. Ils se l\u00e8vent le matin avec l&rsquo;intention de bien effectuer leur travail&nbsp;\u00bb.<\/p>\n\n\n\n<p>On a \u00e9voqu\u00e9 le droit alimentaire europ\u00e9en, et insist\u00e9 sur le besoin de transparence, notamment en ce qui concerne les salaires et le contenu des assiettes. Effectivement, lorsque la cuisine et le service sont assur\u00e9s par des tiers, ces derniers ont le contr\u00f4le et peuvent inclure ce qu&rsquo;ils veulent, m\u00eame des publicit\u00e9s. Elior a \u00e9t\u00e9 critiqu\u00e9 pour son r\u00f4le dans la formation des \u00e9lus sur l&rsquo;alimentation, sugg\u00e9rant que cela devrait relever du niveau national afin d&rsquo;adresser le probl\u00e8me de l&rsquo;ignorance des individus en mati\u00e8re d&rsquo;alimentation.<\/p>\n\n\n\n<p><\/p>\n\n\n\n<p><\/p>\n\n\n\n<p><\/p>\n\n\n\n<p><strong>Prochaine r\u00e9union le&nbsp; lundi 18 septembre 2023&nbsp;&nbsp;&nbsp;&nbsp;<\/strong><\/p>\n\n\n\n<p><strong>de 17h00 \u00e0 18h15<\/strong><\/p>\n\n\n\n<p><strong>Brasserie<\/strong> Au Tivoli, 71, rue Boecklin &#8211; Strasbourg Robertsau<\/p>\n\n\n\n<p><strong>Compte Rendu de la r\u00e9union du 31\/08\/<\/strong><strong>2023<\/strong><\/p>\n\n\n\n<p><strong>Pr\u00e9sent.e.s<\/strong> <strong>: <\/strong>&nbsp;&nbsp;Delphine Koepf, Marika Magrammame, France-Dominique Laubl\u00e9, Fran\u00e7oise Werckmann, Jacques Werckmann,&nbsp;&nbsp; \u00c9lo\u00efse Verge, Odile P\u00e9rez&nbsp;<\/p>\n\n\n\n<p><strong>Excus\u00e9s: <\/strong>&nbsp;&nbsp;Beata Hildebrand, Claude Baudoin, G\u00e9rald Brothier<\/p>\n\n\n\n<p><strong>* Powerpoint Delphine.<\/strong> Delphine nous envoie le dossier \u00ab&nbsp;cantines&nbsp;\u00bb sur powerpoint, voir o\u00f9 ils en sont. Contacts&nbsp;: J\u00e9r\u00e9mie Leymarie chef de service Patrimoine, Lydie Deloffre Enfance et \u00c9ducation.<\/p>\n\n\n\n<p><strong>* Remise de la p\u00e9tition. <\/strong>On continue les rv avec des \u00e9lus&nbsp;:&nbsp; avec Sandra Regol, Danielle Dambach. Dholland + Neumann&nbsp;: 15 septembre. D\u2019autres restent \u00e0 prendre.<\/p>\n\n\n\n<p><strong>Le jour J&nbsp;:&nbsp; <\/strong>1er groupe vient \u00e0 10h, 1 \u00e0 partir de midi (entre 12 et 15h). Avec les medias. Contacts France culture (Delphine), DNA, Rue89 (EV, OP), Arte (Delphine, EV). FR3&nbsp;: GB&nbsp;?. Les Pieds sur terre. Pierre Schweitzer, etc.<\/p>\n\n\n\n<p>Cette action est VITALE. Elle aura lieu lors du prochain conseil municipal le 25 septembre, si on n\u2019a pas d\u2019autre rv d\u2019ici l\u00e0. Faites appel \u00e0 vos r\u00e9seaux et pr\u00e9venez vos contacts. Il est important que d\u2019autres personnes soient pr\u00e9sentes.<\/p>\n\n\n\n<p>D\u00e9roul\u00e9&nbsp;; rappeler nos exigences passage \u00e0 la liaison chaude du point de vue technique et pratique, avec mise en \u0153uvre d\u2019un plan \u00e0 court, pr\u00e9voir le moyen et long terme, du point de vue technique et financier (pr\u00e9voir une ligne budg\u00e9taire). Nous nous situons dans la transition \u00e9cologique, et dans les Villes et Territoires (donc + d\u00e9partement et r\u00e9gion) r\u00e9silients. Animations et prises de parole \u00e0 pr\u00e9voir.<\/p>\n\n\n\n<p>________________________________________________________________________<\/p>\n\n\n\n<p><strong>Rappel&nbsp;: Prochaine r\u00e9union le&nbsp;&nbsp; jeudi 31 ao\u00fbt 2023&nbsp;&nbsp;&nbsp;&nbsp;<\/strong><\/p>\n\n\n\n<p><strong>de 17h00 \u00e0 18h15<\/strong><\/p>\n\n\n\n<p><strong>Brasserie<\/strong> Au Tivoli, 71, rue Boecklin &#8211; Strasbourg Robertsau<\/p>\n\n\n\n<p><strong>Compte Rendu de la r\u00e9union du 06\/07\/<\/strong><strong>2023<\/strong><\/p>\n\n\n\n<p><strong>Pr\u00e9sent.e.s<\/strong> <strong>: <\/strong>&nbsp;&nbsp;Paul Pfeiffer, Fran\u00e7oise Werckmann, Jacques Werckmann, Marika Magrammame,&nbsp; France-Dominique Laubl\u00e9<\/p>\n\n\n\n<p><strong>Excus\u00e9s: <\/strong>&nbsp;&nbsp;Beata Hildebrand, Claude Baudoin, \u00c9lo\u00efse Verge, Marianne Vollet-Gless, G\u00e9rald Brothier, Odile P\u00e9rez&nbsp;<\/p>\n\n\n\n<p><strong>&nbsp;&nbsp;&nbsp;&nbsp;&nbsp;&nbsp;&nbsp;&nbsp;&nbsp;&nbsp;&nbsp;&nbsp;&nbsp;&nbsp;&nbsp;&nbsp;&nbsp;&nbsp;&nbsp;&nbsp;&nbsp;&nbsp;&nbsp; &nbsp;C\u2019\u00e9tait une r\u00e9union pour pr\u00e9parer la la soir\u00e9e du Festival AlimenTerre avec Paul Pfeiffer du Gref. Soir\u00e9e qui avait d\u00e9j\u00e0 \u00e9t\u00e9 pr\u00e9par\u00e9e avec la mairie de Schiltigheim (Mmes Dambach et B\u00fcchmann). Cette soir\u00e9e aura lieu en partenariat avec le Gref et nos associations partenaires.<\/strong><\/p>\n\n\n\n<p><strong>A ce propos&nbsp;: nous devons d\u00e9cider de plusieurs points&nbsp;:<\/strong><\/p>\n\n\n\n<p><strong>* la date d\u2019intervention (pour son \u00e9dition 2013 le festival a lieu du 15\/10 au 30\/11, dans toute la France).<\/strong><\/p>\n\n\n\n<p><strong>* Le titre, accrocheur.<\/strong><\/p>\n\n\n\n<p><strong>* \u00c9ventuellement, le choix d\u2019un film pour introduire.<\/strong><\/p>\n\n\n\n<p><strong>* Le lieu (Humanis, Schiltigheim, Ville de Strasbourg, Tivoli\u2026).<\/strong><\/p>\n\n\n\n<p><strong>* L\u2019heure, et le planning.<\/strong><\/p>\n\n\n\n<p><strong>* Les actions&nbsp;: d\u00e9bats, conf\u00e9rences, animations, en apportant des pr\u00e9cisions sur le comment faire, qui que quoi o\u00f9 comment pour la l\u2019apr\u00e8s festival, avec des noms, des dates, prise de rendez-vous. Plus adh\u00e9sions \u00e0 Strasbourg-Ecologie, participation et cr\u00e9ation de sous-groupes pour agir sur le territoire alsacien (\u00e9lus r\u00e9gion, d\u00e9partement EMS).<\/strong><\/p>\n\n\n\n<p>_______________________________________________________________________________<\/p>\n\n\n\n<p><strong> <\/strong><\/p>\n\n\n\n<p><strong>Prochaine r\u00e9union le&nbsp;06\/07\/2023&nbsp;&nbsp;&nbsp;&nbsp;<\/strong><\/p>\n\n\n\n<p><strong>de 17h00 \u00e0 18h15<\/strong><\/p>\n\n\n\n<p><strong>Brasserie<\/strong> Au Tivoli, 71, rue Boecklin &#8211; Strasbourg Robertsau<\/p>\n\n\n\n<p>Compte Rendu de la r\u00e9union du 20\/06\/2023<\/p>\n\n\n\n<p><strong>Pr\u00e9sent.e.s<\/strong> <strong>: <\/strong>&nbsp;&nbsp;Fran\u00e7oise Werckmann, Jacques Werckmann, Marika Magrammame,&nbsp; France-Dominique Laubl\u00e9, Elo\u00efse Verge, Odile P\u00e9rez&nbsp;<\/p>\n\n\n\n<p><strong>Excus\u00e9&nbsp;: <\/strong>&nbsp;&nbsp;Beata Hildebrand, Claude Baudoin<\/p>\n\n\n\n<p><strong><u>Ordre du jour<\/u><\/strong><strong>&nbsp;:<\/strong><\/p>\n\n\n\n<ul class=\"wp-block-list\">\n<li>Jardin des Possibles<\/li>\n\n\n\n<li>Voyage Dordogne<\/li>\n\n\n\n<li>APEIR<\/li>\n\n\n\n<li>Divers (Savoie, GREF)<\/li>\n<\/ul>\n\n\n\n<p><strong>* Jardin des Possibles<\/strong><\/p>\n\n\n\n<p>A d\u00e9plorer&nbsp;: pas le m\u00eame traitement entre les diff\u00e9rents stands (ceux de la ville et les autres). Bonne fr\u00e9quentation. Des \u00e9lus. 2h\/association\/stand&nbsp;: trop peu. Notre cr\u00e9neau&nbsp;: 12-14h. R\u00e9sultat&nbsp;: peu d\u2019\u00e9changes. Conf\u00e9rences faites par la ville. D\u00e9bats \u00ab&nbsp;citoyennet\u00e9&nbsp;\u00bb. probl\u00e8mes de la d\u00e9mocratie participative.<\/p>\n\n\n\n<p><strong>* Voyage Dordogne<\/strong> Descontacts ont \u00e9t\u00e9 pris avec <strong>s<\/strong>uite \u00e0 la d\u00e9couvertedu livre de Germinal Peiro, pr\u00e9sident du D\u00e9partement Dordogne, publi\u00e9 avec le docteur en histoire et philosophie Serge Added, aux \u00e9ditions Apog\u00e9e, Plat de R\u00e9sistance, soigner les<\/p>\n\n\n\n<p>cantines pour r\u00e9parer le monde &#8211; Un essai qui revient sur la mise en place du 100&nbsp;% bio et local dans les cantines du D\u00e9partement. Fran\u00e7oise et Jacques Werckmann ont \u00e9t\u00e9 rencontr\u00e9 au Conseil g\u00e9n\u00e9ral services et collaborateurs. Chaque cantine est autonome et en liaison avec les mara\u00eechers locaux. Un vrai cuisinier, une \u00e9quipe, et des produits achet\u00e9s local \u21d2 cuisine de qualit\u00e9. Tout le monde est engag\u00e9&nbsp;: \u00e9quipe en cuisine, administratifs\u2026 Approche syst\u00e9mique de l\u2019\u00e9cologie, bien manger, sant\u00e9, bien-\u00eatre animal\u2026.<\/p>\n\n\n\n<p>&nbsp;PRIX des repas cantines. &nbsp;D\u2019apr\u00e8s les donn\u00e9es fournies par les DNA&nbsp;: dans les \u00e9coles, par l\u2019agro-industrie 13,70 \u20ac alors que dans les coll\u00e8ges cuisine sur place le prix est de 9,31 \u20ac soit 4,39 \u20ac de moins. Pour Strasbourg, avec 11000 repas fournis par jour c\u2019est un surco\u00fbt de 9 millions \u20ac pour la ville.<\/p>\n\n\n\n<p><a><strong>* <\/strong><\/a><strong>APEIR<\/strong><\/p>\n\n\n\n<p>Rencontre avec D. Koepf, d\u00e9l\u00e9gu\u00e9e des parents d\u2019\u00e9l\u00e8ves de l\u2019\u00e9cole de Portales (finit un M1 management ESS avec Nancy). 4 \u00e9coles de la Robertsau passeraient en liaison chaude&nbsp;: Pourtales, Adler, Niederau,Schwilgu\u00e9. Ce serait un projet \u00ab&nbsp;pilote&nbsp;\u00bb (pourquoi en faire seulement un projet pilote ?).<br>Gros probl\u00e8me des d\u00e9lais&nbsp;: \u00e0 Pourtales, cela fait 5 ans que les parents n\u00e9gocient le projet, la mise en place demanderait encore 5 autres ann\u00e9es (si l\u2019\u00e9quipe municipale actuelle est r\u00e9\u00e9lue). Si on compare avec ce qui est fait partout ailleurs, comment expliquer les d\u00e9lais&nbsp;?<\/p>\n\n\n\n<p><strong>* Savoye, restaurant gastronomique \u00e0 Paris.<\/strong><\/p>\n\n\n\n<p>Ok pour soutenir nos actions. Ce pourrait aller avec le GREF (Paul Pfeiffer) qui travaille avec les migrants, \u00e9ducation \u00e0 la citoyennet\u00e9. Pousser \u00e0 promouvoir une alimentation de qualit\u00e9 partout (\u00e9coles, EPAHD, h\u00f4pitaux, prisons,).<\/p>\n\n\n\n<p><strong>Remise de la p\u00e9tition \u00e0 la Maire&nbsp;: <\/strong>Difficult\u00e9s \u00e0 obtenir un rendez-vous. Nos demandes sont lettre morte pour l\u2019instant. Que faire&nbsp;?<\/p>\n\n\n\n<p><strong>\u00c9v\u00e9nement&nbsp;: <\/strong>pr\u00e9voir un \u00e9v\u00e8nement \u00e0 la rentr\u00e9e avec le Savoye, Paul Pfeiffer, Buchmann, Dambach\u2026.<\/p>\n\n\n\n<p>________________________________________________________________________________<\/p>\n\n\n\n<p><\/p>\n\n\n\n<p><strong><em>Rappel : Pensez \u00e0 nourrir la p\u00e9tition internet en ligne&nbsp;(jusque fin mars) :<\/em> <\/strong><a href=\"https:\/\/www.cyberacteurs.org\/cyberactions\/pourunemeilleurerestaurationcollect-5567.html\">https:\/\/www.cyberacteurs.org\/cyberactions\/pourunemeilleurerestaurationcollect-5567.html<\/a><\/p>\n\n\n\n<p>________________________________________________________________________<\/p>\n\n\n\n<p><strong>Prochaine r\u00e9union le&nbsp; jeudi 09 mars 2023&nbsp;&nbsp;&nbsp;&nbsp;<\/strong><\/p>\n\n\n\n<p><strong>de 16h30 \u00e0 18h00<\/strong><\/p>\n\n\n\n<p><strong>Brasserie<\/strong> Au Tivoli, 71, rue Boecklin &#8211; Strasbourg Robertsau<\/p>\n\n\n\n<p><strong>Compte Rendu de la r\u00e9union du <\/strong><strong>16 f\u00e9vrier 2023<\/strong><\/p>\n\n\n\n<p><strong>Pr\u00e9sent.e.s<\/strong> <strong>: <\/strong>&nbsp;Fran\u00e7oise Werckmann, Jacques Werckmann, Marika Magrammame, France-Dominique Laubl\u00e9, Odile P\u00e9rez&nbsp;<\/p>\n\n\n\n<p><strong>Excus\u00e9e.s&nbsp;: <\/strong>&nbsp;&nbsp;<\/p>\n\n\n\n<p>Beata Hildebrand, Marie-Christelle Lar\u00e9<\/p>\n\n\n\n<p><strong><u>Ordre du jour<\/u><\/strong><strong>&nbsp;:<\/strong><\/p>\n\n\n\n<ul class=\"wp-block-list\">\n<li>Colloque \u00ab&nbsp;Transition num\u00e9rique et transition alimentaire<\/li>\n\n\n\n<li>Mairies<\/li>\n\n\n\n<li>&nbsp;<\/li>\n\n\n\n<li>Rappel de cotisations<\/li>\n<\/ul>\n\n\n\n<p><strong>* Colloque \u00ab&nbsp;Transition <a>num\u00e9rique<\/a> et transition alimentaire<\/strong><\/p>\n\n\n\n<p>Les d\u00e9fis alimentaires dans tous leurs \u00e9tats. Regard de juristes. Par \u00c9lisabeth Lambert, directrice de labo au CNRS&nbsp;:<\/p>\n\n\n\n<p>Jour 1. Face \u00e0 la mutation climatique l\u2019adaptation agricole;<\/p>\n\n\n\n<p>souverainet\u00e9 semenci\u00e8re et alimentaire. La malnutrition touche<\/p>\n\n\n\n<p>80 \u00b0\/\u00b0 des ruraux. L\u2019ONU veut pr\u00e9server les SF traditionnels. Mettre en place un droit \u00e0 une alimentation durable pour tous, en collaboration avec le Conseil de l\u2019Europe (ce sont souvent les lobbys qui font les textes eux-m\u00eames).<\/p>\n\n\n\n<p>En Italie, les repas sont universels gratuits et durables dans les cantines scolaires. R\u00e9ponse \u00e0 la s\u00e9curit\u00e9 alimentaire.<\/p>\n\n\n\n<p>Magali Reibel, docteure en droit public&nbsp;: alimentation et pr\u00e9carit\u00e9. Mafia des grands groupes agroalimentaires&nbsp;: le droit \u00e0 une alimen-tation ad\u00e9quate, digne et sans discrimination est un droit humain. Notion de \u00ab&nbsp;gastronomie alimentaire&nbsp;\u00bb&nbsp;: en r\u00e9f. au plaisir gustatif.<\/p>\n\n\n\n<p>Jour 2. Transition&nbsp; num\u00e9rique et alimentaire. Probl\u00e8me des labels. Privil\u00e9gier le contacte entre les gens.<\/p>\n\n\n\n<p>Le PAT de l\u2019EMS&nbsp;: Pousser \u00e0 une r\u00e9gie, voir avec M. Paray si elle est ok. Voir pour les projets de gestion de la cantine.<\/p>\n\n\n\n<p><strong>* Mairies<\/strong><\/p>\n\n\n\n<p>&#8211; Illkirch&nbsp;: Marika continue \u00e0 se renseigner.<\/p>\n\n\n\n<p>&#8211; Breuchwickersheim&nbsp;:&nbsp; avec la maire, un rendez-vous a eu lieu avec Doris Ternoy. Tr\u00e8s int\u00e9ressant. Mais Breusch n\u2019est pas concern\u00e9 par le pbl\u00e8me de cantine industrielle. Les enfants des \u00e9coles sont nourris par un traiteur du village.<\/p>\n\n\n\n<p>&#8211; Holtzheim&nbsp;+ Strasbourg:&nbsp; Prendre rendez-vous.<a><\/a><\/p>\n\n\n\n<p><strong>* Rappel des cotisations<\/strong><\/p>\n\n\n\n<p>URGENT. A faire par mail.<\/p>\n\n\n\n<p><\/p>\n\n\n\n<p>________________________________________________________________<\/p>\n\n\n\n<p><strong><em>Pour relancer la p\u00e9tition internet en ligne&nbsp; pensez \u00e0&nbsp; mettre&nbsp; des commentaires sur &nbsp;:<\/em> <\/strong><a href=\"https:\/\/www.cyberacteurs.org\/cyberactions\/pourunemeilleurerestaurationcollect-5567.html\">https:\/\/www.cyberacteurs.org\/cyberactions\/pourunemeilleurerestaurationcollect-5567.html<\/a><\/p>\n\n\n\n<p><strong>Prochaine r\u00e9union le&nbsp; jeudi 16 f\u00e9vrier 2023&nbsp;&nbsp;&nbsp;&nbsp;<\/strong><\/p>\n\n\n\n<p><strong>de 17h00 \u00e0 18h30<\/strong><\/p>\n\n\n\n<p><strong>Brasserie<\/strong> Au Tivoli, 71, rue Boecklin &#8211; Strasbourg Robertsau<\/p>\n\n\n\n<p><strong>Compte Rendu de la r\u00e9union du <\/strong><strong>19 janvier 2023<\/strong><\/p>\n\n\n\n<p><strong>Pr\u00e9sent.e.s<\/strong> <strong>: <\/strong>&nbsp;Fran\u00e7oise Werckmann, Jacques Werckmann, Marika Magrammame, Odile P\u00e9rez&nbsp;<\/p>\n\n\n\n<p><strong>Excus\u00e9e.s&nbsp;: <\/strong>&nbsp;&nbsp;<\/p>\n\n\n\n<p>Beata<\/p>\n\n\n\n<p><strong><u>Ordre du jour<\/u><\/strong><strong>&nbsp;:<\/strong><\/p>\n\n\n\n<ul class=\"wp-block-list\">\n<li>P\u00e9tition<\/li>\n\n\n\n<li>Mairies<\/li>\n\n\n\n<li>Demande de subvention<\/li>\n\n\n\n<li>Rappel de cotisations<\/li>\n<\/ul>\n\n\n\n<p><strong>* P\u00e9tition<\/strong> &#8211; Continuer \u00e0 activer et motiver les personnes autour de nous&nbsp;: famille, amis,<\/p>\n\n\n\n<p><strong>Prochaine r\u00e9union le&nbsp; jeudi 19 janvier 2023<\/strong><\/p>\n\n\n\n<p><strong>de 17h00 \u00e0 18h30<\/strong><\/p>\n\n\n\n<p><strong>Brasserie<\/strong> Au Tivoli, 71, rue Boecklin &#8211; Strasbourg Robertsau<\/p>\n\n\n\n<p>(Ordre DU JOUR &nbsp;: mairies et argumentaire ,&nbsp; tr\u00e9sorerie, divers)<\/p>\n\n\n\n<p><strong>Compte Rendu de la r\u00e9union du 13 d\u00e9cembre 2022<\/strong><\/p>\n\n\n\n<p><strong>Pr\u00e9sent.e.s<\/strong> <strong>: <\/strong>&nbsp;Fran\u00e7oise Werckmann, Jacques Werckmann, France-Dominique Laubl\u00e9,<\/p>\n\n\n\n<p><strong>Excus\u00e9e.s&nbsp;: <\/strong>&nbsp;&nbsp;&nbsp;Claude Baudoin, Marianne Vollet-Gless, Marika Magrammame, Odile P\u00e9rez&nbsp;<\/p>\n\n\n\n<p><strong><u>Ordre du jour<\/u><\/strong><strong>&nbsp;:<\/strong><\/p>\n\n\n\n<ul class=\"wp-block-list\">\n<li>Article Claude Baudoin<\/li>\n\n\n\n<li>Planning<\/li>\n\n\n\n<li>P\u00e9tition<\/li>\n\n\n\n<li>Contact \u00e9tudiante Sciences politiques<\/li>\n<\/ul>\n\n\n\n<p><strong>* Article<\/strong><\/p>\n\n\n\n<p>&#8211; Discussion autour de l\u2019article envoy\u00e9 par Claude&nbsp;: \u00ab&nbsp;La donn\u00e9e, nouveau m\u00e8tre \u00e9talon de la transition verte&nbsp;\u00bb, conna\u00eetre et comprendre les transformations qui impactent nos environnements. Pour b\u00e2tir un langage commun de la description du territoire.<\/p>\n\n\n\n<p><strong>* Mairies<\/strong><\/p>\n\n\n\n<p>&#8211; Illkirch&nbsp;: La mairie souhaite d\u00e9velopper le mara\u00eechage. Une premi\u00e8re approche a \u00e9t\u00e9 faite.<br>&#8211; Ostwald&nbsp;: Dupont restauration, mais \u00e7a reste en liaison froide. + une cantine alternative<\/p>\n\n\n\n<p>&#8211; Breuschwickersheim&nbsp;: contact avec la maire, un rendez-vous a lieu prochainement.<\/p>\n\n\n\n<p>&#8211; Holtzheim&nbsp;: retour positif de Pia Imbs. Prendre rv.<\/p>\n\n\n\n<p><strong>* D<\/strong><strong>emande de subvention<\/strong><\/p>\n\n\n\n<p>&#8211; 2000 \u20ac demand\u00e9s. T\u00e9l. pour voir quelles pi\u00e8ces joindre.<\/p>\n\n\n\n<p><strong>*Rappel des cotisations<\/strong><\/p>\n\n\n\n<p>A faire par mail.<\/p>\n\n\n\n<p>_________________________________________________________<\/p>\n\n\n\n<p><\/p>\n\n\n\n<p><\/p>\n\n\n\n<p><em>Pensez \u00e0 faire signer la p\u00e9tition internet en ligne&nbsp;:<\/em> <a href=\"https:\/\/www.cyberacteurs.org\/cyberactions\/pourunemeilleurerestaurationcollect-5567.html\">https:\/\/www.cyberacteurs.org\/cyberactions\/pourunemeilleurerestaurationcollect-5567.html<\/a><\/p>\n\n\n\n<p><strong>Prochaine r\u00e9union le mardi 13 d\u00e9cembre 2022<\/strong><\/p>\n\n\n\n<p><strong>de 17h00 \u00e0 18h30<\/strong><\/p>\n\n\n\n<p><strong>Brasserie<\/strong> Au Tivoli, 71, rue Boecklin &#8211; Strasbourg Robertsau<\/p>\n\n\n\n<p>(Ordre DU JOUR &nbsp;: mairies et argumentaire ,&nbsp; tr\u00e9sorerie, divers)<\/p>\n\n\n\n<p><strong>Pr\u00e9sent.e.s<\/strong> <strong>: <\/strong>&nbsp;Fran\u00e7oise Werckmann, Jacques Werckmann, France-Dominique Laubl\u00e9, Marika Magrammame, Pierre-Jean DESSEZ, Marianne Vollet-Gless, Odile P\u00e9rez&nbsp;<\/p>\n\n\n\n<p><strong>Excus\u00e9&nbsp;: <\/strong>&nbsp;&nbsp;Morgane Fischer, Claude Baudoin<\/p>\n\n\n\n<p><strong><u>Ordre du jour<\/u>&nbsp;:<\/strong><\/p>\n\n\n\n<p><strong>* Planning<\/strong><\/p>\n\n\n\n<p>&#8211; cf argumentaire d\u2019Odile. Proposer am\u00e9lioration.<\/p>\n\n\n\n<p>&#8211; cf lettre envoy\u00e9e pour une demande de rendez-vous \u00e0 Jeanne Barseghian, Danielle Dambach, Pia Imbs. Rappeler en janvier pour l\u2019agenda. Ternoy&nbsp;: pas de r\u00e9ponse.<\/p>\n\n\n\n<p>Francedo, JW, OP&nbsp;: contacts en janvier.<\/p>\n\n\n\n<p><strong>* P\u00e9tition<\/strong><\/p>\n\n\n\n<p>&#8211; Reconduite jusqu\u2019en mars sur le site.<br>Urgent&nbsp;: Faire des commentaires pour la relancer. D\u2019apr\u00e8s cyberacteurs, ces commentaires sont efficaces. Nous avons d\u00e9j\u00e0 1200 signatures, il en manque 200. Objectif atteignable. La p\u00e9tition sera d\u00e9pos\u00e9e vers avril-mai. Faire un CR sur le site (op).<\/p>\n\n\n\n<p>En janvier r\u00e9activation de la p\u00e9tition avec Rue89.<\/p>\n\n\n\n<p>Voir avec les Petites cantines pour atelier + signatures.<\/p>\n\n\n\n<p><strong>* Tr\u00e9sorerie<\/strong><\/p>\n\n\n\n<p>Location salle&nbsp;&nbsp; 145,00<\/p>\n\n\n\n<p>assurance&nbsp;&nbsp;&nbsp;&nbsp;&nbsp;&nbsp;&nbsp;&nbsp; 117,57<\/p>\n\n\n\n<p>flyers&nbsp;&nbsp;&nbsp;&nbsp;&nbsp;&nbsp;&nbsp;&nbsp;&nbsp;&nbsp;&nbsp;&nbsp;&nbsp;&nbsp;&nbsp;&nbsp;&nbsp;&nbsp; 39,00<\/p>\n\n\n\n<p>DNA&nbsp;&nbsp;&nbsp;&nbsp;&nbsp;&nbsp;&nbsp;&nbsp;&nbsp;&nbsp;&nbsp;&nbsp;&nbsp;&nbsp;&nbsp; <strong>&nbsp;&nbsp;&nbsp;  14<\/strong>,00<\/p>\n\n\n\n<p>worldpress&nbsp;&nbsp;&nbsp;&nbsp;&nbsp;&nbsp; 86,40<\/p>\n\n\n\n<p>org<strong> <\/strong>&nbsp;&nbsp;&nbsp;&nbsp;&nbsp;&nbsp;&nbsp;&nbsp;&nbsp;&nbsp;&nbsp;&nbsp;&nbsp;&nbsp;&nbsp;&nbsp;&nbsp;&nbsp;&nbsp;&nbsp;&nbsp;&nbsp;19,46<\/p>\n\n\n\n<p>net&nbsp;&nbsp;&nbsp;&nbsp;&nbsp;&nbsp;&nbsp;&nbsp;&nbsp;&nbsp;&nbsp;&nbsp;&nbsp;&nbsp;&nbsp;&nbsp;&nbsp;&nbsp;&nbsp;&nbsp;&nbsp;&nbsp;&nbsp; 18,61<\/p>\n\n\n\n<p>com&nbsp;&nbsp;&nbsp;&nbsp;&nbsp;&nbsp;&nbsp;&nbsp;&nbsp;&nbsp;&nbsp;&nbsp;&nbsp;&nbsp;&nbsp;&nbsp;&nbsp;&nbsp;&nbsp;&nbsp;&nbsp;&nbsp; 22,44<\/p>\n\n\n\n<p>________________________________<\/p>\n\n\n\n<p>&nbsp;&nbsp; Total&nbsp;&nbsp;&nbsp;&nbsp;&nbsp;&nbsp;&nbsp;&nbsp;&nbsp;&nbsp;&nbsp;&nbsp;&nbsp;&nbsp; 462,68 euros<\/p>\n\n\n\n<p>Faire un appel \u00e0 cotisations en janvier + une demande de subvention&nbsp;?<\/p>\n\n\n\n<p><strong>* Contact \u00e9tudiante Sciences politiques<\/strong><\/p>\n\n\n\n<p>Une \u00e9tudiante en M2 sciences politiques nous a contact\u00e9s. Projet&nbsp;: participer \u00e9ventuellement au master. Et parler de Strasbourg-\u00e9cologie \u00e0 sciences-po.<\/p>\n\n\n\n<p>_________________________________________________________<\/p>\n\n\n\n<ul class=\"wp-block-list\">\n<li>Conf\u00e9rence debriefing<\/li>\n\n\n\n<li>SDEA<\/li>\n\n\n\n<li>Ob\u00e9sit\u00e9 chez l\u2019enfant<\/li>\n\n\n\n<li>Strasbourg ville r\u00e9siliente<\/li>\n\n\n\n<li>Plannin<\/li>\n<\/ul>\n\n\n\n<p><\/p>\n\n\n\n<p><strong>* Conf\u00e9rence debriefing<\/strong><\/p>\n\n\n\n<p>&#8211; Seules 2 personnes venues suite \u00e0 la distribution des flyers (contact\u00e9es au caf\u00e9 philo), et 1 par les DNA (MM).<\/p>\n\n\n\n<p>&#8211; Faire une vid\u00e9o pour mettre sur le site et Facebook.<\/p>\n\n\n\n<p>&#8211; Envisager des affiches&nbsp;?<\/p>\n\n\n\n<p>&#8211; Absence de L\u00e6titia Hornecker du Jardin de Marthe (excus\u00e9e) et de Morgane Fischer de Bio Grand Est<\/p>\n\n\n\n<p><strong>* SDEA<\/strong><\/p>\n\n\n\n<p>&#8211;&nbsp; L\u2019association \u00ab\u00a0Entreprendre vert Alsace&#8230;\u00a0\u00bb&nbsp; a organis\u00e9 la visite SDEA, visite effectu\u00e9e avec Florence Burvingt&nbsp; : c est 1 structure cr\u00e9\u00e9e avant la guerre fonctionnant en coop\u00e9rative qui a beaucoup \u00e9volu\u00e9 dans ses pratiques et qui s\u2019 est agrandie.<\/p>\n\n\n\n<p>Association Entreprendre vert Alsace pour faire \u00e9voluer les bonnes pratiques des entreprises.&nbsp; Fonctionnement en coop\u00e9rative date d\u2019avant-guerre, pour g\u00e9rer le bien commun. Eau&nbsp;: analyses, responsabilit\u00e9s. Assainissement&nbsp;: r\u00e9cup\u00e9ration de la rivi\u00e8re \u00e0 Souffel\u2019. Station d\u2019\u00e9puration&nbsp;: syst\u00e8me en r\u00e9seaux complexes qui travaillent de concert. Collaboration entre les diff\u00e9rents acteurs par ex. pour les eaux fluviales. Relations avec les PME, agriculteurs. Gouvernance proche du terroir. 1 partie alimentation (l\u2019eau est vitale).<\/p>\n\n\n\n<p><strong>* Ob\u00e9sit\u00e9 chez l\u2019enfant<\/strong><\/p>\n\n\n\n<p>&#8211; PJD pr\u00e9sente le d\u00e9cret de 11\/22 qui cible les entreprises et les Maisons de sant\u00e9 pour la pr\u00e9vention de l\u2019ob\u00e9sit\u00e9 infantile. Sur prescription m\u00e9dicale des s\u00e9ances de suivi di\u00e9t\u00e9tique ou psychologique et des activit\u00e9s physiques peuvent \u00eatre propos\u00e9es, apr\u00e8s un bilan. Dispositif mission \u00ab&nbsp;Retrouve ton cap&nbsp;\u00bb. Probl\u00e8me de l\u2019alimentation ultra-transform\u00e9e.<\/p>\n\n\n\n<p><strong>* Strasbourg ville r\u00e9siliente<\/strong><\/p>\n\n\n\n<p>&#8211; Rencontres avec l\u2019\u00e9lu en charge des jardins. Une pes\u00e9e des r\u00e9coltes de jardins familiaux est en cours. MVG y participe.<\/p>\n\n\n\n<p><strong>* Planning<\/strong><\/p>\n\n\n\n<p>&#8211; Eckbolsheim&nbsp;:&nbsp; MVG + OP<\/p>\n\n\n\n<p>&#8211; Ostwald&nbsp;: FL + OP<\/p>\n\n\n\n<p>&#8211; Holtzheim&nbsp;+ Breuschwickersheim: FW + OP<\/p>\n\n\n\n<p>&#8211; Illkirch&nbsp;: MM (\u00e9tat des lieux)<\/p>\n\n\n\n<p>&#8211; Bischeim + Hoenheim&nbsp;: FL + JW<\/p>\n\n\n\n<p>_____________________________________\u00e8_________<\/p>\n\n\n\n<p><strong>Compte Rendu de la r\u00e9union du 24 novembre 2022<\/strong><\/p>\n\n\n\n<p>La prochaine r\u00e9union aura lieu le jeudi 24  Novembre  2022 de 17h30 \u00e0 19h00 au Caf\u00e9 Perestroika, 2 rue Thiergarten (dans le caveau)- Strasbourg Gare<\/p>\n\n\n\n<p>Ordre du jour :<\/p>\n\n\n\n<p>Retours sur la conf\u00e9rence-d\u00e9bat du 26.10<br>Journ\u00e9e SDEA<br>D\u00e9cret sur l&rsquo;ob\u00e9sit\u00e9 infantile P-J Dessez<br>Ville autonome sur le plan alimentaire<br>Planning des d\u00e9marches en mairie. M\u200bise en place des binomes, sur 3 mois<\/p>\n\n\n\n<p><strong>Compte Rendu de la conf\u00e9rence-d\u00e9ba<\/strong>t du <strong>26-10-2022<\/strong><\/p>\n\n\n\n<p><strong>Pour une alimentation saine et de qualit\u00e9 pour tous<\/strong><\/p>\n\n\n\n<p>En introduction, Fran\u00e7oise Werckmann, pr\u00e9sidente de Strasbourg-Ecologie&nbsp;&nbsp; a mis l\u2019accent sur l\u2019alimentation qui est un sujet qui nous tient tous \u00e0 c\u0153ur car il y va de notre sant\u00e9 personnelle et de celle de la plan\u00e8te.<\/p>\n\n\n\n<p>Elle a ensuite \u00e9voqu\u00e9 son action d\u2019\u00e9lue dans la pr\u00e9c\u00e9dente mandature avec les parents d\u2019\u00e9l\u00e8ves de l\u2019\u00e9cole de la Niederau et de l\u2019\u00e9cole Internationale pour abolir l\u2019utilisation de contenants en plastique utilis\u00e9s pour conditionner la nourriture des enfants dans les cantines scolaires. A l\u2019heure actuelle aucun nouveau progr\u00e8s n\u2019a \u00e9t\u00e9 r\u00e9alis\u00e9 ou entrepris dans la qualit\u00e9 des repas servis comme l\u2019ont t\u00e9moign\u00e9 Im\u00e8ne Sfaxi et Audrey Martayan Vinel, parentes d\u2019\u00e9l\u00e8ves et respectivement pr\u00e9sidente de l\u2019association des parents d\u2019\u00e9l\u00e8ves APEIRE et ancienne pr\u00e9sidente. Les enfants des \u00e9coles de Strasbourg ont toujours droit \u00e0 de la cuisine industrielle pr\u00e9par\u00e9e plusieurs jours \u00e0 l\u2019avance refroidis puis r\u00e9chauff\u00e9s le jour de leur consommation. Les enfants ne trouvent pas cette nourriture tr\u00e8s bonne et il y a beaucoup de gaspillage.<\/p>\n\n\n\n<p>Les interventions et d\u00e9bats se sont poursuivis avec Odile P\u00e9rez, secr\u00e9taire de Strasbourg-Ecologie, qui a montr\u00e9 que dans de nombreuses villes en France, les \u00e9coles ont de la cuisine place. Les plats sont pr\u00e9par\u00e9s chaque jour par des cuisiniers et servis chauds aux enfants. C\u2019est le cas de Paris, les cantines sont g\u00e9r\u00e9es par les Caisse des \u00c9coles de chaque arrondissement comprenant&nbsp;: \u00e9lus, personnels des cuisines, parents et enfants. La plupart des \u00e9coles ont des cuisines sur place ou, dans certains cas, une cuisine centrale permet de servir les \u00e9coles sans cuisine. Par cette organisation des cantines, les enfants ont chaque jour de d\u00e9licieux repas cuisin\u00e9s avec des produits frais et majoritairement bio. Il est \u00e0 noter que les cuisiniers, aides cuisiniers et services de tables sont des employ\u00e9s de la ville de Paris.<\/p>\n\n\n\n<p>Poursuivant notre d\u00e9bat, Jacques Werckmann de Strasbourg-Ecologie a \u00e9voqu\u00e9 l\u2019urgence climatique et les bouleversements g\u00e9opolitiques qui imposent des actes imm\u00e9diats, notamment en consacrant une part importante des terres de l\u2019Eurom\u00e9tropole au mara\u00eechage bio pour rendre notre ville r\u00e9siliente.<\/p>\n\n\n\n<p>Nos d\u00e9bats ont \u00e9t\u00e9 enrichis par&nbsp;&nbsp; Pierre Jean-Dessez, militant&nbsp; <a>de<\/a> \u00ab&nbsp;UFC-Que Choisir&nbsp;\u00bb et Eloi Navaro,&nbsp; militant de \u00ab&nbsp;Pour une s\u00e9curit\u00e9 sociale Alimentaire&nbsp;\u00bb. Pierre-Jean nous a montr\u00e9 le drame que sont le surpoids et l\u2019ob\u00e9sit\u00e9 qui touche 21,5 millions d\u2019adultes en France entra\u00eenant une augmentation des facteurs de risque&nbsp;cardio vasculaire&nbsp;: hypertension, dyslipid\u00e9mie, diab\u00e8te. Pour s\u2019en prot\u00e9ger&nbsp;: Le Programme National Nutrition-Sant\u00e9, une application telle que QuelProduit et la p\u00e9dagogie ,comme des rendez-vous CONSO de l\u2019UFC-Que Choisir. Eloi nous a montr\u00e9 qu\u2019il est possible de sortir de la pr\u00e9carit\u00e9 alimentaire en cr\u00e9ant une structure analogue \u00e0 la s\u00e9curit\u00e9 sociale cr\u00e9e en 1945&nbsp;: Une S\u00e9curit\u00e9 Sociale Alimentaire.<\/p>\n\n\n\n<p>La soir\u00e9e s\u2019est termin\u00e9e par des \u00e9changes autour d\u2019un \u00ab&nbsp;pot de l\u2019amiti\u00e9&nbsp;\u00bb.<\/p>\n\n\n\n<p>__________________________________________________________________<\/p>\n\n\n\n<p><\/p>\n\n\n\n<p><strong>Prochaine r\u00e9union le mardi 27 septembre 2022 de 17h00 \u00e0 18h30 Brasserie<\/strong> Au Tivoli, 71, rue Boecklin &#8211; Strasbourg Robertsau<\/p>\n\n\n\n<p><strong>Compte Rendu de la r\u00e9union du 01 septembre 2022<\/strong><\/p>\n\n\n\n<p><strong><u>Ordre du jour<\/u><\/strong><strong>&nbsp;:<\/strong><\/p>\n\n\n\n<ul class=\"wp-block-list\">\n<li>P\u00e9titions<\/li>\n\n\n\n<li>Conf\u00e9rence<\/li>\n\n\n\n<li>R\u00e9seautage<\/li>\n<\/ul>\n\n\n\n<p><strong>* P\u00e9titions Internet<\/strong><\/p>\n\n\n\n<p>&#8211; Ajouter le logo Ecocert en cuisine plus une petite video<\/p>\n\n\n\n<p>&#8211;<\/p>\n\n\n\n<p><strong>* Conf\u00e9rence<\/strong><\/p>\n\n\n\n<p>&#8211; La salle M. Yourcenar a \u00e9t\u00e9 r\u00e9serv\u00e9e \u00e0 la Maison des Associations.<\/p>\n\n\n\n<p>&#8211; Film Terre de Liens \u00e0 visionner (trop long&nbsp;: 55\u2019\u2019).<\/p>\n\n\n\n<p>&#8211; D\u00e9roulement. Introd.&nbsp;: \u00c9tat des lieux. Ecocert, loi Egalim&nbsp;, ce que mange les enfants dans nos \u00e9cole: \u00ab&nbsp;Pour la cr\u00e9ation de cantines scolaires g\u00e9r\u00e9es en r\u00e9gies municipales&nbsp;\u00bb, \u00ab&nbsp;Pour des cuisines dans les \u00e9coles&nbsp;\u00bb, \u00ab&nbsp;Pour une agriculture non polluante&nbsp;\u00bb, \u00ab&nbsp;Pour une reterritorialisation des terres &nbsp;\u00bb, \u00ab&nbsp;la Transversalit\u00e9 au c\u0153ur de l\u2019action&nbsp;\u00bb.<\/p>\n\n\n\n<p>&#8211; Se renseigner sur ce que fait l\u2019EMS&nbsp;: Contacter Magali Paray, Morgane Meyer et H\u00e9l\u00e8ne Clerc (BioGrandEst)<\/p>\n\n\n\n<p>&#8211; Voir avec des parents d\u2019\u00e9l\u00e8ves&nbsp;: APEIR, Ludivine Quintallet (perturbateurs endocriniens), Audrey Martayan.<\/p>\n\n\n\n<p>&#8211; Faire venir Cyril Ernst&nbsp;?<\/p>\n\n\n\n<p>&#8211; Que choisir, repr\u00e9sentant Grand Est<\/p>\n\n\n\n<p><strong>* R\u00e9seautage<\/strong><\/p>\n\n\n\n<p>&#8211; Cr\u00e9ation d\u2019un facebook<\/p>\n\n\n\n<p>&#8211; Conf\u00e9rence de presse au Mandala le 17, ou 18 octobre&nbsp;: DNA, Rue 89, 20\u2019\u2019, BFM Alsace, Radio Juda\u00efca, France Bleue Alsace, \u2026.<\/p>\n\n\n\n<p>&#8211; Cr\u00e9ation d\u2019un flyer papier pour distribution, + un pour envoi par courriel et mise sur le facebook.<\/p>\n\n\n\n<p>___________________________________________________________<\/p>\n\n\n\n<p><strong>Pr\u00e9sent.e.s<\/strong> <strong>: <\/strong>&nbsp;Fran\u00e7oise Werckmann, Jacques Werckmann, Claude Baudoin,&nbsp; France-Dominique Laubl\u00e9, Odile P\u00e9rez&nbsp;<\/p>\n\n\n\n<p><strong>Excus\u00e9e&nbsp;: <\/strong>Doris Stauth, Pierre Rouquette, Beata Hildebrande<\/p>\n\n\n\n<p><strong>&nbsp; <\/strong><strong>Prochaine r\u00e9union le jeudi 01 septembre 2022 de 17h00 \u00e0 18h30 Brasserie<\/strong> Au Tivoli, 71, rue Boecklin &#8211; Strasbourg Robertsau<\/p>\n\n\n\n<p><strong>Compte Rendu de la r\u00e9union du 30 juin 2022<\/strong><\/p>\n\n\n\n<p><strong><u>Ordre du jour<\/u><\/strong><strong>&nbsp;:<\/strong><\/p>\n\n\n\n<ul class=\"wp-block-list\">\n<li>\u00c9v\u00e9nement Jardin de Marthe<\/li>\n\n\n\n<li>P\u00e9titions<\/li>\n\n\n\n<li>Conf\u00e9rence<\/li>\n<\/ul>\n\n\n\n<p><a><strong>* \u00c9<\/strong><\/a><strong>v\u00e9nement \u00ab&nbsp;Jardin de Marthe&nbsp;\u00bb<\/strong><\/p>\n\n\n\n<p>&#8211; Le 18 juin 2022 nous avons tenu un stand au Jardin de Marthe pour faire signer charte et p\u00e9tition papier. Nous avons r\u00e9colt\u00e9 22 signatures. \u00c9changes int\u00e9ressants. Bons contacts. L\u2019\u00e9lu de La Robertsau Marc Hoffsess&nbsp; n\u2019a pas sign\u00e9. Malheureusement pour le Jardin de&nbsp; Marthe le bilan est n\u00e9gatif.<\/p>\n\n\n\n<p><strong>* P\u00e9titions Internet<\/strong><\/p>\n\n\n\n<p>&#8211; La p\u00e9tition sera envoy\u00e9e sur deux sites diff\u00e9rents.<\/p>\n\n\n\n<p>&#8211; Au vu de certaines autres p\u00e9titions on pourrait mettre la barre \u00e0 3000 signatures&nbsp;?<\/p>\n\n\n\n<p>&#8211;&nbsp; Mettre dans la cat\u00e9gorie \u00ab&nbsp;sant\u00e9&nbsp;\u00bb.<\/p>\n\n\n\n<p>&#8211; Faire des flyers pour les distribuer sur les march\u00e9s et autres lieux&nbsp;: qui pourrait faire un flyer&nbsp;?<\/p>\n\n\n\n<p><strong>* Conf\u00e9rence<\/strong><\/p>\n\n\n\n<p>Nous n\u2019aurons pas la salle avec l\u2019ARES, il faut donc trouver un autre lieu gratuit pour l\u2019\u00e9v\u00e8nement (Escale, Sine Bussi\u00e8re, Philomatique, Mandale\u2026.). Comme notre prochaine r\u00e9union sera en septembre, il faudrait chercher d\u00e8s maintenant si nous voulons un \u00e9v\u00e8nement en octobre.<\/p>\n\n\n\n<p>___________________________________________________________________<\/p>\n\n\n\n<p><strong>Prochaine r\u00e9union le jeudi 30 juin 2022 de 17h00 \u00e0 18h30 Brasserie<\/strong> Au Tivoli, 71, rue Boecklin &#8211; Strasbourg Robertsau<\/p>\n\n\n\n<p><strong>Compte Rendu de la r\u00e9union du 19 mai 2022<\/strong><\/p>\n\n\n\n<p><strong><u>Ordre du jour<\/u><\/strong><strong>&nbsp;:<\/strong><\/p>\n\n\n\n<ul class=\"wp-block-list\">\n<li>Pr\u00e9paration de l\u2019\u00e9v\u00e8nement \u00ab&nbsp;conf\u00e9rence&nbsp;\u00bb<\/li>\n<\/ul>\n\n\n\n<p><strong>* Pr\u00e9paration de l\u2019\u00e9v\u00e8nement \u00ab&nbsp;conf\u00e9rence&nbsp;\u00bb<\/strong><\/p>\n\n\n\n<p>&#8211; AG Rittmo-Agroenvironnement&nbsp;: ok pour venir \u00e0 la conf\u00e9rence.<\/p>\n\n\n\n<p>&#8211; Claude a pris contact avec une ferme pour faire un expos\u00e9 sur le PAT, plus une autre qui travaille \u00e0 Bio Grand-Est (Morgan Fischer resonsable des cantines pour le grand-Est, elle est bas\u00e9e \u00e0 Schilitgheim). A Erstein&nbsp;: Arsene Bingert, mais la ferme est en passation.<\/p>\n\n\n\n<p>Odile va voir si on peut trouver le prix d\u2019un repas, des ex. de villes et villages, des solutions concr\u00e8tes. Avec la question&nbsp;: POURQUOI PAS STRASBOURG&nbsp;? Une alimentation go\u00fbteuse et saine, respectueuse de la sant\u00e9 et de la plan\u00e8te. + ex. de menus, de recettes, prix d\u2019un panier pour les \u00e9tudiants pas ex\u2026. Ex. de \u00ab&nbsp;ville r\u00e9siliente&nbsp;\u00bb, auto-suffisance alimentaire (qualit\u00e9 et quantit\u00e9).<\/p>\n\n\n\n<p>OMS&nbsp;: 7x trop de prot\u00e9ines animales \u00e0 la cantine<\/p>\n\n\n\n<p><strong>* Calendrier<\/strong><\/p>\n\n\n\n<p>* Validation le 2\/06.<\/p>\n\n\n\n<p><strong>*<\/strong> 18\/06&nbsp;: portes ouvertes pour la Ceinture verte. La ferme Marthe propose d\u2019installer un stand avec l\u2019Escale.<\/p>\n\n\n\n<p>* Festival Aliment\u2019Terre du 15\/10 au 30\/11.<\/p>\n\n\n\n<p>* Conf\u00e9rence :si possible le 15\/10. Conf\u00e9rence de presse, environ une semaine avant. Fran\u00e7oise contacte Fabien Urbes.<\/p>\n\n\n\n<p>_______________________________________________________________<\/p>\n\n\n\n<p><strong>Compte Rendu de la r\u00e9union du 21 avril 2022<\/strong><\/p>\n\n\n\n<p><strong>Pr\u00e9sent.e.s<\/strong> <strong>: <\/strong>France-Do Laubl\u00e9, Jacques Werckmann, Fran\u00e7oise Werckmann, Odile P\u00e9rez&nbsp;<\/p>\n\n\n\n<p><strong>Excus\u00e9.e.s : <\/strong>Claude Baudoin,Pierre Rouquette,&nbsp;Marie-Claude Blancher<\/p>\n\n\n\n<p><strong>&nbsp; Prochaine r\u00e9union le jeudi 19 mai 2022 de 17h00 \u00e0 18h30 Brasserie<\/strong> Au Tivoli, 71, rue Boecklin &#8211; Strasbourg Robertsau<\/p>\n\n\n\n<p><strong><u>Ordre du jour<\/u><\/strong><strong>&nbsp;:<\/strong><\/p>\n\n\n\n<ul class=\"wp-block-list\">\n<li>Point avec B. Lambert<\/li>\n\n\n\n<li>Tr\u00e9sorerie<\/li>\n\n\n\n<li>Suivi de la charte restauration collective et p\u00e9tition<\/li>\n\n\n\n<li>Calendrier<\/li>\n<\/ul>\n\n\n\n<p><strong>* Point avec B. Lambert<\/strong><\/p>\n\n\n\n<p>&#8211; Fran\u00e7oise va relancer pour obtenir un rendez-vous<\/p>\n\n\n\n<p><strong>* Tr\u00e9sorerie<\/strong><\/p>\n\n\n\n<p>&nbsp;&nbsp;&nbsp;&nbsp;&nbsp;&nbsp;&nbsp;&nbsp;&nbsp;&nbsp;&nbsp; &#8211; Rappel&nbsp;: la cotisation est de 20\u20ac\/an. Une r\u00e9duction est accord\u00e9e &nbsp;&nbsp;&nbsp;&nbsp;&nbsp;&nbsp;&nbsp;&nbsp;&nbsp;&nbsp;&nbsp; pour les personnes qui en font la demande, soit 10\u20ac\/an.<\/p>\n\n\n\n<p>&nbsp;&nbsp;&nbsp;&nbsp;&nbsp;&nbsp;&nbsp;&nbsp;&nbsp;&nbsp;&nbsp; Soutien&nbsp;: &gt;20\u20ac<\/p>\n\n\n\n<p>&nbsp;&nbsp;&nbsp;&nbsp;&nbsp;&nbsp;&nbsp;&nbsp;&nbsp;&nbsp;&nbsp; Associations&nbsp;: 30\u20ac<\/p>\n\n\n\n<p>&nbsp;&nbsp;&nbsp;&nbsp;&nbsp;&nbsp;&nbsp;&nbsp;&nbsp;&nbsp;&nbsp; &#8211; Faire un mail pour appeler les associations \u00e0 verser leur cotisation.<\/p>\n\n\n\n<p>&nbsp;&nbsp;&nbsp;&nbsp;&nbsp;&nbsp;&nbsp;&nbsp;&nbsp;&nbsp;&nbsp; &#8211; Prendre rendez-vous avec la directrice de l\u2019Escale qui souhaite &nbsp;&nbsp; s\u2019impliquer davantage.<\/p>\n\n\n\n<p>&nbsp;&nbsp;&nbsp;&nbsp;&nbsp;&nbsp;&nbsp;&nbsp;&nbsp;&nbsp;&nbsp; &nbsp;Faire le point, prendre rv avec le Cr\u00e9dit Mutuel, pour remettre &nbsp;&nbsp;&nbsp; l\u2019argent et voir pour l\u2019assurance (Francedo, et Odile).<\/p>\n\n\n\n<p><strong>* Suivi de la charte et p\u00e9tition<\/strong><\/p>\n\n\n\n<p>&#8211; Conf\u00e9rence (Jacques, Claude, Odile)&nbsp;: on pourrait partir du comparatif des diff\u00e9rents composants d\u2019une m\u00eame recette, selon qu\u2019elle est r\u00e9alis\u00e9e industriellement ou maison. Il pourrait \u00eatre propos\u00e9 une formation aux applis Nutriscore et SIGA, en pensant qu\u2019une vigilance est n\u00e9cessaire. Cr\u00e9er un r\u00e9seau de confiance. (Voir avec Terre de &lt;liens \u2013 Gauthier Baudoin.<\/p>\n\n\n\n<p>1\u00e8re conf\u00e9rence&nbsp;: 13\/10, ou un samedi. Voir pour la salle avec l\u2019ARES. Voir \u00e9galement pour une conf\u00e9rence de presse (le m\u00eame jour&nbsp;?). Inviter des agriculteurs bio, mara\u00eechers, apiculteurs, \u2026. locaux. Envisager l\u2019organisation de tables rondes. Faire signer charte et p\u00e9tition.<\/p>\n\n\n\n<p>____________________________________________________________________<\/p>\n\n\n\n<p><\/p>\n\n\n\n<p><strong>Strasbourg-Ecologie r\u00e9union du 3 mars 2022<\/strong><\/p>\n\n\n\n<p><strong>Pr\u00e9sent.e.s<\/strong> <strong>: <\/strong>France-Do Laubl\u00e9, Claude Baudoin, Fran\u00e7oise Werckmann, Odile P\u00e9rez&nbsp;<\/p>\n\n\n\n<p><strong>Excus\u00e9.e.s : <\/strong>G\u00e9rald Brothier,Pierre Rouquette,Jacques Werckmann, Marie-Claude Blancher<\/p>\n\n\n\n<p><strong>Prochaine r\u00e9union le jeudi 21 avril 2022 de 17h00 \u00e0 18h30 Brasserie<\/strong> Au Tivoli, 71, rue Boecklin &#8211; Strasbourg Robertsau<\/p>\n\n\n\n<p><strong><u>Ordre du jour<\/u>&nbsp;:<\/strong><\/p>\n\n\n\n<p><\/p>\n\n\n\n<ul class=\"wp-block-list\">\n<li>Conf\u00e9rence alimentation<\/li>\n\n\n\n<li>Suivi de la charte restauration collective et p\u00e9tition<\/li>\n\n\n\n<li>Relance anciens adh\u00e9rents<\/li>\n<\/ul>\n\n\n\n<p><strong>* Conf\u00e9rence alimentation&nbsp;<\/strong>&nbsp;:<\/p>\n\n\n\n<p>&#8211; Rappel&nbsp;: on travaille conjointement avec les CSC. Le csc de l\u2019Esplanade, l\u2019ARES, nous pr\u00eatera une salle.<\/p>\n\n\n\n<p>&#8211; Recherche d\u2019un producteur en bio\/biodynamie, par ex. (d\u00e9finir les termes, cf la charte, rappeler les cons\u00e9quences\u2026.).<\/p>\n\n\n\n<p>&#8211; Trouver quelqu\u2019un.e pouvant parler des additifs<\/p>\n\n\n\n<p><strong>* Suivi de la charte et p\u00e9tition<\/strong><\/p>\n\n\n\n<p>&#8211; P\u00e9tition&nbsp;: avant de la mettre sur le Web, FW et OP contacteront Boris Lambert, attach\u00e9 de Pia Imbs et de Jeanne Barseghian. OP&nbsp;: voir aussi le prochain appel d\u2019offres<\/p>\n\n\n\n<p>&#8211; Point presse, l\u2019article de RUE 89 est pas positifs&nbsp; -\u2019article est consultable sur le site de&nbsp; strasbourg-ecologie.net.<\/p>\n\n\n\n<p>&nbsp;&#8211; Tourn\u00e9e des communes&nbsp;: suite \u00e0 la r\u00e9ponse de Boris Lambert lancement de l\u2019action, ainsi que de la p\u00e9tition (GB, FW,OP).<\/p>\n\n\n\n<p>&nbsp;&nbsp;&nbsp;&nbsp;&nbsp;&nbsp;&nbsp;&nbsp;&nbsp;&nbsp;&nbsp;&nbsp;&nbsp; <strong>* Relance des anciens adh\u00e9rents&nbsp;: <\/strong>Nadine Escapa, A. Besse (op)<\/p>\n\n\n\n<p>_______________________________________________________________<\/p>\n\n\n\n<p><\/p>\n\n\n\n<p><strong>Strasbourg-Ecologie r\u00e9union du 3 f\u00e9vrier 2022<\/strong><\/p>\n\n\n\n<p><strong>Pr\u00e9sent.e.s<\/strong> <strong>: <\/strong>France-Do Laubl\u00e9, Pierre Rouquette, Jacques Werckmann, Fran\u00e7oise Werckmann, Audrey Vinel, Marie Claude Blancher<\/p>\n\n\n\n<p><strong>Prochaine r\u00e9union le jeudi 3 mars 2022 de 16h30 \u00e0 18h Brasserie<\/strong> au Tivoli, 71, rue Boecklin &#8211; Strasbourg Robertsau<\/p>\n\n\n\n<p><strong>Excus\u00e9.e.s : <\/strong>Claude Baudoin, G\u00e9rald Brothier,Odile P\u00e9rez<\/p>\n\n\n\n<p><\/p>\n\n\n\n<p><strong><u>Ordre du jour<\/u><\/strong><strong>&nbsp;:<\/strong><\/p>\n\n\n\n<p>* Intervention d\u2019une parente d\u2019\u00e9l\u00e8ve<\/p>\n\n\n\n<p>* Point presse&nbsp;: une enqu\u00eate de RUE 89 est en cours, un journaliste a pris contact avec Odile et Fran\u00e7oise et va poursuivre son enqu\u00eate aupr\u00e8s de prestataires et des parents d\u2019\u00e9l\u00e8ves<\/p>\n\n\n\n<p>* Suivi de la charte restauration collective et p\u00e9tition<\/p>\n\n\n\n<p>* Tr\u00e9sorerie<\/p>\n\n\n\n<p><a>* Projets l\u2019Escale<\/a><\/p>\n\n\n\n<p><strong><em>* <\/em><\/strong><strong>Historique des actions men\u00e9es par les associations des parents d\u2019\u00e9l\u00e8ve (par Audrey Vinel, parente d\u2019\u00e9l\u00e8ve), <\/strong>avec l\u2019aide de Fran\u00e7oise (conseill\u00e8re municipale d\u00e9l\u00e9gu\u00e9e) durant la pr\u00e9c\u00e9dente mandature gr\u00e2ce \u00e0 la mise en place d\u2019une structure de r\u00e9flexion tripartie, parents, \u00e9lus et administration&nbsp;: Renouvellement du cahier des charges, passage \u00e0 l\u2019inox, interdiction de certains additifs dans les aliments, remise en question de la liaison froide.<\/p>\n\n\n\n<p>&#8211; \u00c9tat des lieux&nbsp;: la pr\u00e9c\u00e9dente structure tripartite n\u2019est pas renouvel\u00e9e au profit d\u2019une structure \u00e9largie comprenant&nbsp;: usagers, \u00e9lus, administratifs, agriculteurs, prestataires, mais&nbsp;&nbsp; sans efficacit\u00e9. Division du march\u00e9 en plusieurs lots pour favoriser la participation d\u2019un plus grand nombre d\u2019entreprises au cahier des charges<\/p>\n\n\n\n<p>Prestataires&nbsp;: Api 1\/3 du march\u00e9, Elior 2\/3<\/p>\n\n\n\n<p><strong>* Suivi de la charte et p\u00e9tition<\/strong><\/p>\n\n\n\n<p>&#8211; Projet de p\u00e9tition \u00e0 mettre sur le Web, en cours.<\/p>\n\n\n\n<p>&nbsp;&nbsp;&nbsp;&nbsp;&nbsp;&nbsp;&nbsp;&nbsp;&nbsp;&nbsp;&nbsp;&nbsp;&nbsp;&nbsp;&nbsp; &#8211; Point presse, une enqu\u00eate de RUE 89 est en cours, un journaliste a pris contact avec Odile et Fran\u00e7oise et va poursuivre son enqu\u00eate aupr\u00e8s de prestataires et des parents d\u2019\u00e9l\u00e8ves<\/p>\n\n\n\n<p>&nbsp;&nbsp;&nbsp;&nbsp;&nbsp;&nbsp;&nbsp;&nbsp;&nbsp;&nbsp;&nbsp;&nbsp;&nbsp;&nbsp;&nbsp; &#8211; Cr\u00e9ation de quatre groupes de travail&nbsp;:&nbsp;<\/p>\n\n\n\n<p>* Nourriture et cuisine industrielle&nbsp;: Claude Baudouin, Jacques Werckmann, Clara Fahd<\/p>\n\n\n\n<p>* Parents d\u2019\u00e9l\u00e8ves \/ CSC&nbsp;:&nbsp; Im\u00e8ne Sfaxi Rafrafi, Fran\u00e7oise Werckmann, Marie-Claude, Pierre Rouquette<\/p>\n\n\n\n<p>* Mairies et militants&nbsp;:&nbsp; Odile P\u00e9rez, Fran\u00e7oise Werckmann, G\u00e9rald Brothier<\/p>\n\n\n\n<p>* Site&nbsp;Strasbourg-Ecologie&nbsp;:&nbsp; Jacques Werckmann et\u2026\u00b0<\/p>\n\n\n\n<p>&#8211; Projet d\u2019une conf\u00e9rence publique <em>cuisine industrielle versus cuisine sur place<\/em>, Odile P\u00e9rez Jacques Werckmann, Claude Baudouin<\/p>\n\n\n\n<p><strong>* Tr\u00e9sorerie&nbsp;:<\/strong> une demande de subvention de 1300\u20ac va \u00eatre d\u00e9pos\u00e9e aupr\u00e8s de la mairie.<\/p>\n\n\n\n<p>* <strong>Projets l\u2019Escale&nbsp;:<\/strong><\/p>\n\n\n\n<p>Pierre Rouquette fait le point sur ses actions&nbsp;:<\/p>\n\n\n\n<p>&#8211; Projet de bric \u00e0 bac du 12 avril au 15 avril<\/p>\n\n\n\n<p>&#8211; Lancement d\u2019un projet jardin, le mardi \u00e0 l\u2019escale et le jeudi \u00e0 la cit\u00e9 de l\u2019Ill.<\/p>\n\n\n\n<p>___________________________________________________________________<\/p>\n\n\n\n<p><strong>Chers amis adh\u00e9rents et sympathisants de Strasbourg-Ecologie,<br>Nous vous pr\u00e9sentons tous nos v\u0153ux bonheur, sant\u00e9 et fraternit\u00e9 pour 2022<\/strong>&nbsp;&nbsp;<\/p>\n\n\n\n<p>Nous d\u00e9fendons entre autres actions promouvant l&rsquo;\u00e9cologie urbaine un beau projet&nbsp; \u00e0 proposer concernant une am\u00e9lioration de la restauration scolaire<br>Par ces temps de pand\u00e9mie, nous avons eu des difficult\u00e9s \u00e0 nous r\u00e9unir, mais nous sommes arriv\u00e9s \u00e0 r\u00e9diger une charte en partenariat avec plusieurs associations&nbsp; strasbourgeoises afin de promouvoir une nourriture saine au niveau de la restauration scolaire dans un premier temps. Nous l&rsquo;avons diffus\u00e9e aupr\u00e8s des \u00e9lus de l&rsquo;Eurom\u00e9tropole et dans le cadre associatif.<br>Nous nous orientons \u00e0 pr\u00e9sent vers une action plus large et avons besoin de votre aide et soutien.&nbsp;<\/p>\n\n\n\n<p><\/p>\n\n\n\n<p> <strong>Prochaine r\u00e9union \u00ab\u00a0Strasbourg-Ecologie\u00a0\u00bb le 3 F\u00e9vrier<\/strong><\/p>\n\n\n\n<p><strong> <\/strong>au restaurant au tivoli 71, rue Boecklin \u00e0 16H30 tram E direction escale arr\u00eat jardinier et bus 6 direction pont phario arr\u00eat schott<\/p>\n\n\n\n<p> ordre du jour :<\/p>\n\n\n\n<p>&nbsp;&#8211; diffusion p\u00e9tition et charte,- m\u00e9dias : rue 89 en cours et conf de presse \u00e0 organiser avec les Centres socio Culturels ( CSC ).<\/p>\n\n\n\n<p>&#8211;&nbsp; partenariat CSC de l&rsquo;esplanade-Robertsau : cf rdv lundi du lundi 17 janvier<\/p>\n\n\n\n<p>&nbsp;&#8211; subvention en collaboration avec le CSC de l&rsquo;esplanade&nbsp;&#8211; tr\u00e9sorerie : changement de banque \u00e0 finaliser<\/p>\n\n\n\n<p>___________________________________________________________________________<\/p>\n\n\n\n<p><\/p>\n\n\n\n<p><\/p>\n\n\n\n<p><strong>R\u00e9union Strasbourg-Ecologie \u00ab\u00a0SE\u00a0\u00bb le 17 d\u00e9cembre<\/strong><\/p>\n\n\n\n<p>\u00e0 17h au caf\u00e9 restaurant 71, rue Boeklin Robertsau tel 0963246323<\/p>\n\n\n\n<p>Ordre du jour :&nbsp;<\/p>\n\n\n\n<p>&#8211; Pr\u00e9parer les rdv avec les mairies, Sin\u00e9 Bussiere et les CSC pour janvier&nbsp; &nbsp;&nbsp;<\/p>\n\n\n\n<p>&#8211; Soutenir la protection des&nbsp;<img loading=\"lazy\" decoding=\"async\" width=\"72\" height=\"72\" src=\"\" alt=\"\ud83c\udf33\">&nbsp;arbres remarquables \u00e0 Strasbourg dont le polonia du 5, rue de Verdun avec Jonathan Herry conseiller municipal, Isabelle Jensen et Brigitte Wagner.<\/p>\n\n\n\n<p>&#8211; En janvier pr\u00e9parer la conf\u00e9rence de presse ave Imene et Odile<\/p>\n\n\n\n<p>&#8211; Pr\u00e9voir le passage de Francedo \u00e0 la tr\u00e9sorerie<\/p>\n\n\n\n<p>________________________________________________________________<\/p>\n\n\n\n<p><strong>Ouverture <\/strong><strong>de l\u2019AG par une conf\u00e9rence de Jean Louis Amann sur le th\u00e8me<\/strong><\/p>\n\n\n\n<p><strong>\u00ab La biodiversit\u00e9 dans tous ses \u00e9tats \u00bb<\/strong><strong><\/strong><\/p>\n\n\n\n<p><strong>CR de l\u2019AG du jeudi 18 novembre 2021<\/strong><\/p>\n\n\n\n<ol style=\"list-style-type:upper-roman\" class=\"wp-block-list\">\n<li><strong>Approbation CR de l\u2019AG 2019<\/strong><\/li>\n<\/ol>\n\n\n\n<p>Le PV est approuv\u00e9 \u00e0 l\u2019unanimit\u00e9.<\/p>\n\n\n\n<ol style=\"list-style-type:upper-roman\" class=\"wp-block-list\">\n<li><strong>Rapport moral et bilan des activit\u00e9s ann\u00e9es 2019-2021<\/strong><\/li>\n\n\n\n<li>Cr\u00e9ation d\u2019un site web accessible en utilisant cette adresse&nbsp;: strasbourg-ecologie.net<\/li>\n\n\n\n<li>Le travail sur les Cantines entreprit en 2015 avec la mairie de Strasbourg, les associations de parents d\u2019\u00e9l\u00e8ves de l\u2019APEIR, Cantines sans plastiques, Assiettes v\u00e9g\u00e9tales, etc. \u2026. s\u2019est poursuivi avec l\u2019\u00e9laboration d\u2019une \u00ab&nbsp;charte pour une alimentation collective saine&nbsp;\u00bb en s\u2019appuyant sur le CSC de la Robertsau qui a beaucoup \u0153uvr\u00e9 gr\u00e2ce \u00e0 Pierre Rouquette pour sa r\u00e9ussite, le CSC de la Meinau et plusieurs autres associations (AFL, A2MG, CLCV, etc. \u2026)<\/li>\n\n\n\n<li>Le Village des associations&nbsp;nous a permis de faire conna\u00eetre la Charte, de la faire sign\u00e9e par 25 personnes et de prendre conscience de la pertinence du sujet aupr\u00e8s du public.<\/li>\n<\/ol>\n\n\n\n<ol style=\"list-style-type:upper-roman\" class=\"wp-block-list\">\n<li><strong>&nbsp;Tr\u00e9sorerie&nbsp; <\/strong><strong><\/strong><\/li>\n\n\n\n<li>Paiement des arri\u00e9r\u00e9s de cotisations 2020-2021&nbsp;: 20\u20ac pour les 2 ans pass\u00e9s et dons possibles souhait\u00e9s<\/li>\n\n\n\n<li>Dons<strong>&nbsp;: <\/strong>278,78 \u20ac<\/li>\n\n\n\n<li>Cr\u00e9dit<strong>&nbsp;: <\/strong>440,84\u20ac<\/li>\n\n\n\n<li>D\u00e9bit&nbsp;: &nbsp;362,58\u20ac. Note&nbsp;: frais de tenue de compte postal par trimestre 29,40 euro<\/li>\n\n\n\n<li>Soldes&nbsp;:78,26\u20ac au 30 juillet 2021<strong><\/strong><\/li>\n<\/ol>\n\n\n\n<p>Il serait bien de pr\u00e9voir de r\u00e8glement les cotisations 1 fois par an s\u2019\u00e9levant \u00e0 20\u20ac.<\/p>\n\n\n\n<ol style=\"list-style-type:upper-roman\" class=\"wp-block-list\">\n<li><em>Poursuite du travail inter-associatif et de la recherche de partenaires comme<\/em>&nbsp;:<\/li>\n<\/ol>\n\n\n\n<ul class=\"wp-block-list\">\n<li>Les CSC dont l\u2019Escale de la Robertsau, le CSC de la Meinau, l\u2019ARES (association des r\u00e9sidents de l\u2019Esplanade)<strong><\/strong><\/li>\n\n\n\n<li>Les Mairies et l\u2019Eurom\u00e9tropole : Jeanne Barseghian (Strasbourg et Vice-pr\u00e9sidente de l\u2019Eurom\u00e9tropole), Pia Imbs (Holtzheim, et Pr\u00e9sidente de l\u2019Eurom\u00e9tropole), Doris Ternoy (Breuschwickersheim et <a>Conseill\u00e8re de l\u2019Eurom\u00e9tropole<\/a>), Dani\u00e8le Dambach (Schiltigheim, Vice-pr\u00e9sidente de l\u2019Eurom\u00e9tropole), B\u00e9atrice Bulou (Mundolsheim, et Conseill\u00e8re de l\u2019Eurom\u00e9tropole)<strong><\/strong><\/li>\n\n\n\n<li>Associations&nbsp;: Association Fran\u00e7aise des Femmes Dipl\u00f4m\u00e9es des Universit\u00e9s (AFFDU), Cinquante et Plus, Fondation pour la Recherche M\u00e9dicale (FRM), Poursuivre, l\u2019association des familles la\u00efques (AFL).<strong><\/strong><\/li>\n\n\n\n<li><em>Suivi et application de la charte pour une alimentation collective plus saine \u00e0 Strasbourg et dans l\u2019Eurom\u00e9tropole<\/em><strong><em><\/em><\/strong><\/li>\n\n\n\n<li><em>Conf\u00e9rences, visites<\/em> dont une \u00ab&nbsp;Les Arbres remarquables et la Biodiversit\u00e9 en ville&nbsp;\u00bb chez Jean louis Amann que nous remercions.<\/li>\n\n\n\n<li><em>Vin de l\u2019amiti\u00e9 une ou deux fois par an<\/em> autour d\u2019un point sur nos actions et la tr\u00e9sorerie en juin-juillet<\/li>\n<\/ul>\n\n\n\n<p><a><strong>VII. Election des membres du bureau <\/strong>&nbsp;<\/a><\/p>\n\n\n\n<ul class=\"wp-block-list\">\n<li>Renouvellement de la secr\u00e9taire&nbsp;: Odile Perez remplace Marie Claude Blancher<\/li>\n\n\n\n<li>France Dominique Lauble remplace H\u00e9l\u00e8ne Baudoin _______________________________________________________________________<\/li>\n<\/ul>\n\n\n\n<p class=\"has-text-align-center has-medium-font-size\"><\/p>\n\n\n\n<p class=\"has-text-align-center has-medium-font-size\"><strong>Invitation au CSC-Escale,<\/strong> <\/p>\n\n\n\n<p class=\"has-text-align-center\">78 rue du docteur Fran\u00e7ois, 67000 Strasbourg-Robertsau<\/p>\n\n\n\n<p class=\"has-text-align-center has-text-color\" style=\"color:#26a300\"><strong>La biodiversit\u00e9 dans tous ses \u00e9tats par Jean Louis Amann<\/strong><\/p>\n\n\n\n<p class=\"has-text-align-center has-green-color has-text-color\">le jeudi 18 novembre 2021 de 18h-19h<\/p>\n\n\n\n<p class=\"has-text-align-center\"><strong>Ordre du jour de l\u2019AG de 19h \u00e0 20h<\/strong><\/p>\n\n\n\n<p>I. <strong>Accueil et paiement des cotisations&nbsp;pour pouvoir voter<\/strong><\/p>\n\n\n\n<p>&#8211; 20\u20ac pour les 2 ans pass\u00e9s<\/p>\n\n\n\n<p>-Dons possibles et souhait\u00e9s<\/p>\n\n\n\n<p>II. <strong>Approbation CR de l\u2019AG 2019<\/strong><\/p>\n\n\n\n<p>III. <strong>Rapport moral et bilan des activit\u00e9s : Fran\u00e7oise Werckmann &nbsp;&nbsp;&nbsp;&nbsp;&nbsp;de l\u2019AG 2019-2021<\/strong><\/p>\n\n\n\n<p>-. La charte pour une alimentation collective saine&nbsp;: Pierre Rouquette et&nbsp; Odile Perez<\/p>\n\n\n\n<p>-Le Village des associations&nbsp;: Marie Claude et Fran\u00e7oise<\/p>\n\n\n\n<p>IV.<strong>&nbsp;Tr\u00e9sorerie&nbsp;: H\u00e9l\u00e8ne Baudouin<\/strong><\/p>\n\n\n\n<p>-. Dons<strong>&nbsp;: <\/strong>278,78 \u20ac<\/p>\n\n\n\n<p>-. Cr\u00e9dit<strong>&nbsp;: <\/strong>440,84\u20ac<\/p>\n\n\n\n<p>-. D\u00e9bit&nbsp;: &nbsp;362,58\u20ac&nbsp; note&nbsp;: frais de tenue de compte par trimestre 29,40 euro<\/p>\n\n\n\n<p>-. Soldes&nbsp;:78,26\u20ac au 30 juillet 2021<\/p>\n\n\n\n<p>V. <strong>Partenariat<\/strong><\/p>\n\n\n\n<p>-. Mairies et Eurom\u00e9tropole : Jeanne Barseghian (Strasbourg et Vice-pr\u00e9sidente de l\u2019Eurom\u00e9tropole), Pia Imbs (Holtzheim, et Pr\u00e9sidente de l\u2019Eurom\u00e9trople), Doris Ternoy (Breuschwickersheim et <a>Conseill\u00e8re de l\u2019Eurom\u00e9tropole<\/a>), Dani\u00e8le Dambach (Schiltigheim, Vice-pr\u00e9sidente de l\u2019Eurom\u00e9tropole), B\u00e9atrice Bulou (Mundolsheim, et &nbsp;Conseill\u00e8re de l\u2019Eurom\u00e9tropole)<\/p>\n\n\n\n<p>-. Les CSC dont l\u2019Escale de la Robertsau, le CSC de la Meinau, l\u2019ARES (association des r\u00e9sidents de l\u2019Esplanade)<\/p>\n\n\n\n<p>-. Associations&nbsp;: Association Fran\u00e7aise des Femmes Dipl\u00f4m\u00e9es des Universit\u00e9s (AFFDU), Cinquante et Plus, Fondation pour la Recherche M\u00e9dicale (FRM), Poursuivre<\/p>\n\n\n\n<p class=\"has-black-color has-text-color\"><a><strong>VI. Projets et actions<\/strong><\/a><\/p>\n\n\n\n<p>-. Suivi et application de la charte pour une alimentation collective plus saine \u00e0 Strasbourg et dans l\u2019Eurom\u00e9tropole<\/p>\n\n\n\n<p>-.Travail inter associatif<\/p>\n\n\n\n<p>-.Les Arbres remarquables et la Biodiversit\u00e9 en ville<\/p>\n\n\n\n<p>-.Vin de l\u2019amiti\u00e9 autour d\u2019un point sur nos actions et la tr\u00e9sorerie en juin-juillet<\/p>\n\n\n\n<p><a><strong>VII. Election des membres du bureau <\/strong>&nbsp;<\/a>Renouvellement de la secr\u00e9taire&nbsp;:<\/p>\n\n\n\n<p>-.  Odile Perez remplacerait Marie Claude Blancher<\/p>\n\n\n\n<p>-. France Dominique Lauble remplacerait H\u00e9l\u00e8ne Baudoin<\/p>\n\n\n\n<p><strong>VIII&nbsp;. Tr\u00e9sorerie&nbsp;: <\/strong>20\u20ac par an<\/p>\n\n\n\n<p><strong>Verre de l\u2019amiti\u00e9 vers 19h30<\/strong><\/p>\n\n\n\n<p class=\"has-green-color has-text-color\"><strong>Merci \u00e0 Jean Louis Amann de nous faire partager sa passion des arbres<\/strong><\/p>\n\n\n\n<p><strong>et &nbsp;au plaisir de nous retrouver et d\u2019\u00e9changer apr\u00e8s cette longue absence<\/strong><\/p>\n\n\n\n<p>________________________________________________________________________<\/p>\n\n\n\n<p><strong>Pr\u00e9sent.e.s<\/strong> : Ang\u00e9lique Waldmann, France-Do Laubl\u00e9, Pierre Rouquette, Jacques Werckmann, Fran\u00e7oise Werckmann, M. Claude Blancher<\/p>\n\n\n\n<p><strong>Excus\u00e9.e.s<\/strong> : Ludivine Quintillet , Odile Perez, Ism\u00e8ne Sfaci<\/p>\n\n\n\n<p><strong>&nbsp;&nbsp; <\/strong><strong>Prochaine r\u00e9union le 23 juin \u00e0 17h au CSC-Escale&nbsp;<\/strong><\/p>\n\n\n\n<p>78, rue du docteur Fran\u00e7ois Robertsau,<\/p>\n\n\n\n<p>Tram Robertsau arr\u00eat Escale bus num\u00e9ro 6 ou 30 arr\u00eat temple de la Robertsau rue Boeklin<\/p>\n\n\n\n<p><strong>Ordre du jour<\/strong><\/p>\n\n\n\n<ol style=\"list-style-type:1\" class=\"wp-block-list\">\n<li>Faire circuler la charte au niveau des associations et des citoyens<\/li>\n\n\n\n<li>Organiser un point Presse en septembre (Salon des .<\/li>\n\n\n\n<li>Organiser une p\u00e9tition<\/li>\n\n\n\n<li>Organiser le World Clean Day<\/li>\n\n\n\n<li>Etre pr\u00e9sent dans les f\u00eates des CSC<\/li>\n\n\n\n<li>Recherche des mots cl\u00e9s et des logos \u00e0 envoyer<\/li>\n\n\n\n<li>Etablir un calendrier de RV avec les mairies contact\u00e9es et un protocole explicatif<\/li>\n\n\n\n<li>Pr\u00e9voir une AG &nbsp;&nbsp;<\/li>\n<\/ol>\n\n\n\n<p><strong>Compte Rendu de la r\u00e9union du 1er juin 2021<\/strong><\/p>\n\n\n\n<ol style=\"list-style-type:upper-roman\" class=\"wp-block-list\">\n<li><strong><u><strong>Organisation du Point Presse \u00e0 l\u2019Escale et du Communiqu\u00e9 de Presse. Cf. Ism\u00e8ne et Ang\u00e9liqu<\/strong><\/u><\/strong><strong>e.<u> URGENT et nous tenir au courant<\/u><\/strong><\/li>\n\n\n\n<li>Dans un premier temps envoyer la charte aux D.N.A. pour en faire la publicit\u00e9 accompagn\u00e9e d\u2019un texte indiquant qu\u2019elle a fait l\u2019objet d\u2019un envoi \u00e0 tous les maires de l\u2019Euro-M\u00e9tropole et qu\u2019il y aura un suivi et accompagnement pour une mise en place effective \u00e0 Strasbourg et dans toute l\u2019Euro-m\u00e9tropole.<\/li>\n\n\n\n<li>Pour la communication nous recherchons des mots cl\u00e9s et nous regroupons les logos.<\/li>\n<\/ol>\n\n\n\n<ol style=\"list-style-type:upper-roman\" class=\"wp-block-list\">\n<li>En projet<\/li>\n<\/ol>\n\n\n\n<ul class=\"wp-block-list\">\n<li>Conf\u00e9rence de Presse \u00e0 l\u2019Escale dans quelques mois (avant les pr\u00e9sidentielles)<\/li>\n\n\n\n<li>Prise de contact avec Clara FADH, ing\u00e9nieure agro-alimentaire qui va nous rejoindre<\/li>\n<\/ul>\n\n\n\n<p>__________________________________________________________<\/p>\n\n\n\n<p><strong>Pr\u00e9sent.e.s<\/strong> : Pierre Rouquette &#8211; Jacques Werckmann-&nbsp; \u2013 Fran\u00e7oise Werckmann\u2013 Odile P\u00e9rez &#8211;<\/p>\n\n\n\n<p><strong>Excus\u00e9.e.s<\/strong> : France-Do Laubl\u00e9 \u2013 M. Claude Blancher \u2013 Ludivine Quintillet<\/p>\n\n\n\n<p><strong>Compte-rendu de la r\u00e9union du 19\/05\/2021<\/strong><\/p>\n\n\n\n<p><strong>&nbsp;&nbsp;&nbsp;&nbsp; Invitation \u00e0 notre prochaine r\u00e9union du 1er juin \u00e0 17h au CSC-Escale<\/strong><strong>&nbsp;&nbsp;&nbsp; <\/strong>&nbsp;<\/p>\n\n\n\n<p>78, rue du docteur Fran\u00e7ois Robertsau,<\/p>\n\n\n\n<p>Tram Robertsau arr\u00eat Escale bus num\u00e9ro 6 ou 30 arr\u00eat temple de la Robertsau rue Boeklin<\/p>\n\n\n\n<p><strong>Ordre du jour<\/strong><\/p>\n\n\n\n<ol style=\"list-style-type:1\" class=\"wp-block-list\">\n<li>Etat des lieux \u00ab charte \u00bb : o\u00f9 en est-on ? envois, conf de presse, rdv mairies et \u00e9lus\u2026.&nbsp;<\/li>\n\n\n\n<li>R\u00e9daction d\u2019un argumentaire pour promouvoir la charte<\/li>\n\n\n\n<li>R\u00e9partition des mairies \u00e0 contacter cf CR ci-dessous : actions et plan d\u2019action&nbsp;<\/li>\n\n\n\n<li>Tr\u00e9sorerie et AG &nbsp;&nbsp;<\/li>\n\n\n\n<li>Divers<\/li>\n<\/ol>\n\n\n\n<p><strong>Compte \u2013 Rendu de la r\u00e9union du 19 mai 21<\/strong><\/p>\n\n\n\n<p><strong><u><strong>D\u00e9lib\u00e9ration en conseil municipal du 21 juin concernant les cantines<\/strong><\/u><\/strong> :<\/p>\n\n\n\n<ul class=\"wp-block-list\">\n<li>Fran\u00e7oise a envoy\u00e9 un mail aux \u00e9lus et services&nbsp; concern\u00e9s pour demander un accroissement des prot\u00e9ines v\u00e9g\u00e9tales, avec comme objectif une r\u00e9duction de l\u2019empreinte carbone des menus.<\/li>\n\n\n\n<li>Nous demandons que le d\u00e9lai affich\u00e9 de 10 ans pour une nourriture en r\u00e9gie bio et locale soit revu \u00e0 la baisse, et au plus tard effectif \u00e0 la fin du mandat actuel, soit en 2025.&nbsp;<\/li>\n\n\n\n<li>Vous pouvez consulter la d\u00e9lib\u00e9ration apr\u00e8s passage en conseil municipal le 21 juin sur le site de la ville.<\/li>\n\n\n\n<li>Davantage de pr\u00e9cisions pourront par ailleurs \u00eatre donn\u00e9es concernant ce projet lors du prochain Comit\u00e9 inter-partenarial qui aura lieu fin juin, comme annonc\u00e9 le 29 mars dernier.<\/li>\n<\/ul>\n\n\n\n<p><strong><u><strong>Relecture de la chartre<\/strong><\/u><\/strong><\/p>\n\n\n\n<ul class=\"wp-block-list\">\n<li>Changement de l\u2019adresse mail pour celle de Strasbourg-ecologie.<\/li>\n\n\n\n<li>Objectif z\u00e9ro empreinte carbone \u00e0 2025. Suppression des p. 3 et 4 (remplac\u00e9es par celle faite par Imene).<\/li>\n<\/ul>\n\n\n\n<p><strong><u><strong>Actions<\/strong><\/u><\/strong><\/p>\n\n\n\n<ul class=\"wp-block-list\">\n<li>Pierre : derni\u00e8res corrections de la charte et remise en page<\/li>\n\n\n\n<li>Fran\u00e7oise : envoi de la charte aux DNA ET aux \u00e9lus de l\u2019eurom\u00e9tropole.<\/li>\n\n\n\n<li>Odile :&nbsp; envoi \u00e0 d\u2019autres journaux.<\/li>\n\n\n\n<li>Imene : conf\u00e9rence de presse<\/li>\n\n\n\n<li>Jacques : envoi aux t\u00eates de listes des cantons de Strasbourg et Eurom\u00e9tropole<\/li>\n\n\n\n<li>Francedo : \u00e9largit l\u2019envoi de la charte aux cantons du Grand-Est<\/li>\n<\/ul>\n\n\n\n<p><strong><u><strong>Plan d\u2019action<\/strong><\/u><\/strong><\/p>\n\n\n\n<ul class=\"wp-block-list\">\n<li>Tous : contacter les MAIRIES ET des \u00e9lus de l\u2019eurom\u00e9tropole pour pr\u00e9senter et promouvoir de la charte<\/li>\n\n\n\n<li>Pierre : prend contact avec l\u2019ADEME pour la cr\u00e9ation d\u2019un label. Cf celui de Ecocert<\/li>\n<\/ul>\n\n\n\n<p>________________________________________________________________<\/p>\n\n\n\n<p><strong>CR du 23 Avril 2021<\/strong><\/p>\n\n\n\n<p><strong>Pr\u00e9sents <\/strong>: J. Werckmann, F. Werckmann, france do&nbsp;Laubl\u00e9,&nbsp;P. Rouquette, I. Sfaxi, O. P\u00e9rez, B. Hildebrand<\/p>\n\n\n\n<p><strong>Excus\u00e9s<\/strong> : A. Besse, L. Vallet, <a href=\"http:\/\/M.CL\">M.C<\/a>. Blancher, H. Baudoin, F. Urb\u00e8s, A. Yuksel<\/p>\n\n\n\n<p><strong>1- la&nbsp; charte&nbsp;<\/strong><\/p>\n\n\n\n<p>La charte est en cours de finalisation vous la recevrez dans les prochains jours.<\/p>\n\n\n\n<p>Nous l\u2019enverrons aux \u00e9lus&nbsp;apr\u00e8s une conf\u00e9rence de presse que nous organisons pour d\u00e9but mai.<\/p>\n\n\n\n<p><strong>2<\/strong>&#8211; <strong>prochaine r\u00e9union en pr\u00e9sentiel le 19 mai \u00e0 14h \u00e0 l&rsquo;Escale<\/strong>,&nbsp;<\/p>\n\n\n\n<p>78, rue du docteur Fran\u00e7ois \u00e0 la Robertsau.<\/p>\n\n\n\n<p>Tram&nbsp;: Robertsau arr\u00eat escale<\/p>\n\n\n\n<p><strong><u><strong>Ordre du jour du 19 mai :<\/strong><\/u><\/strong><\/p>\n\n\n\n<ol style=\"list-style-type:1\" class=\"wp-block-list\">\n<li>Point sur la charte<\/li>\n\n\n\n<li>Pistes d&rsquo;actions aupr\u00e8s des \u00e9lus<\/li>\n\n\n\n<li>D\u00e9marche aupr\u00e8s de l\u2019ADEME pour l\u2019obtention d\u2019un Label<\/li>\n\n\n\n<li>Etude du Projet de d\u00e9lib\u00e9ration \u2013 Conseil municipal du 21 juin 2021<\/li>\n<\/ol>\n\n\n\n<p>Recours \u00e0 l\u2019assistance \u00e0 maitrise d\u2019ouvrage (AMO) pour la transformation de la<\/p>\n\n\n\n<p>restauration collective de la petite enfance et de l\u2019enfance<\/p>\n\n\n\n<p>Soucieuse de promouvoir une alimentation plus saine et plus go\u00fbteuse pour les enfants&#8230;..<\/p>\n\n\n\n<ul class=\"wp-block-list\">\n<li>Divers<\/li>\n<\/ul>\n\n\n\n<p>________________________________________________________________________<\/p>\n\n\n\n<p>R\u00e9union du groupe restreint \u00ab\u00a0\u00e9laboration de la charte pour une alimentation collective saine\u00a0\u00bb <strong>16 Avril 15h \u00e0 l&rsquo;Escale<\/strong><\/p>\n\n\n\n<p>___________________________________________________________________<\/p>\n\n\n\n<p>R\u00e9union du groupe restreint \u00ab\u00a0\u00e9laboration de la charte pour une alimentation collective saine\u00a0\u00bb  <strong>1er Avril 15h \u00e0 l&rsquo;Escale<\/strong><\/p>\n\n\n\n<p>_________________________________________________________________<\/p>\n\n\n\n<p><\/p>\n\n\n\n<p><strong>Prochaine R\u00e9union par Visioconf\u00e9rence Vendredi 23 Avril 14h-15h30<\/strong><\/p>\n\n\n\n<p><strong>CR du 12\u221503\/2021<\/strong><\/p>\n\n\n\n<p>\u00c9taient pr\u00e9sent.e.s&nbsp;: F. Urbes \u2013 A. Besse \u2013 P. Rouquette \u2013 F. Werckmann \u2013 I. Sfaxi \u2013 J. Werckmann &#8211; Francedo \u2013&nbsp; O. P\u00e9rez \u2013 B. Hildebrand<\/p>\n\n\n\n<p>Excus\u00e9.e.s&nbsp;: L. Vallet \u2013 M.Cl. Blancher \u2013 H. Baudoin &#8211;&nbsp; Ay\u015fe Yuksel<\/p>\n\n\n\n<p>Apr\u00e8s un rapide tour de table&nbsp; ont \u00e9t\u00e9 abord\u00e9s deux points importants.<br><br>1&nbsp;: La charte.<\/p>\n\n\n\n<p>Une charte sera propos\u00e9e \u00e0 l\u2019Ems pour les cantines scolaires, mais aussi pour celles des CSC, en lien avec les parents, ainsi que pour toute restauration collective et territoriale, afin de d\u00e9fendre notre territoire une alimentation de qualit\u00e9. Pour rappel, la mairie de Mundolsheim a d\u00e9j\u00e0 amorc\u00e9 une restauration scolaire de qualit\u00e9 en lien avec le mara\u00eechage&nbsp;; le prestataire \u00e0 Mundolsheim est API.<\/p>\n\n\n\n<p>Im\u00e8ne rappelle que les \u00e9lu.e.s ont \u00e9t\u00e9 interpell\u00e9s sur le cahier des charges de l\u2019Appel d\u2019offres pour les cantines scolaires. Ils ont pris conscience de ce qui se trouve dans les assiettes de nos enfants. Il est \u00e0 d\u00e9plorer cependant qu\u2019il n\u2019y ait qu\u2019une r\u00e9union tous les 3 mois.<\/p>\n\n\n\n<p>Alexandre propose d\u2019associer d\u2019autres associations de parents d\u2019\u00e9l\u00e8ves, notamment \u00e0 Illkirch. Im\u00e8ne veut aussi inclure d\u2019autres parents d\u2019\u00e9l\u00e8ves.<\/p>\n\n\n\n<p>Fabien dit qu\u2019il faut \u00e9galement mettre l\u2019accent sur le gaspillage alimentaire, un travail d\u2019\u00e9ducation est n\u00e9cessaire (et pour l\u2019\u00e9ducation au go\u00fbt), en partenariat avec Sine Buissi\u00e8re.<\/p>\n\n\n\n<p>Fran\u00e7oise propose de faire une conf\u00e9rence pour faire bouger les lignes.<\/p>\n\n\n\n<p>Fran\u00e7oise propose un plan martyr&nbsp;:<\/p>\n\n\n\n<ol style=\"list-style-type:1\" class=\"wp-block-list\">\n<li>Qui sommes-nous&nbsp;? Constituer un r\u00e9seau eurom\u00e9tropolitain pour le respect de l\u2019alimentation et pour une alimentation respectueuse de la sant\u00e9 et de l\u2019environnement&nbsp;;<\/li>\n\n\n\n<li>La qualit\u00e9 de l\u2019alimentation, un d\u00e9fi majeur pour nos collectivit\u00e9s. Les enjeux sont multiples, sociaux, nutritionnels, \u00e9conomiques, sanitaires, environnementaux (l\u2019alimentation actuelle ultra transform\u00e9e est&nbsp; toxique). Les cantiques scolaires sont au carrefour de plusieurs d\u00e9fis, de la graine \u00e0 l\u2019assiette, et au-del\u00e0.<\/li>\n\n\n\n<li>Une alliance pourquoi&nbsp;? Historique de la cr\u00e9ation (5 ans de gal\u00e8re!). Pourquoi s\u2019engager&nbsp;? Des communes ont besoin d\u2019engager d\u2019autres prestataires, de mettre en \u0153uvre des solutions, de faire de la qualit\u00e9 alimentaire une composante majeure de la politique publique. Il y a urgence absolue. La d\u00e9marche est ouverte, pour une bonne alimentation de qualit\u00e9. On d\u00e9marre dans les \u00e9coles pour \u00e9tendre \u00e0 toutes les collectivit\u00e9s.<\/li>\n\n\n\n<li>Comment s\u2019impliquer&nbsp;? Cr\u00e9ation d\u2019un groupe de travail (Jacques, Claude, Im\u00e8ne, Pierre, Francedo, Odile) , et d\u2019un sous-groupe pour le suivi&nbsp;: Pierre, responsable de la r\u00e9daction \u2013 Im\u00e8ne, animatrice &#8211; Odile, rapporteure.<\/li>\n\n\n\n<li>Jacques fera un point sur l\u2019alimentation ultra-transform\u00e9e, et Im\u00e8ne sur la sant\u00e9.<\/li>\n\n\n\n<li>Ensuite la charte circulera aupr\u00e8s des mairies.<\/li>\n<\/ol>\n\n\n\n<p>2&nbsp;: Le world clean day. Vers le 20 septembre. Avec les CSC plus un adjoint de Schiltigheim. Action \u00e0 pr\u00e9parer \u00e0 la prochaine r\u00e9union et \u00e0 \u00e9tendre \u00e0 toute l\u2019EMS.<\/p>\n\n\n\n<p>3&nbsp;: Fran\u00e7oise a rendez-vous le fin mars avec Pia Imbs pour un premier contact.<\/p>\n\n\n\n<p>____________________________________________________________________________<\/p>\n\n\n\n<p>Ci-dessous les infos pour le lien en visio. Belle journ\u00e9e Fabien&nbsp;<\/p>\n\n\n\n<p>Sujet : R\u00e9union Strasbourg Ecologie<\/p>\n\n\n\n<p><strong>Heure: 12 mars 2021  02:00 PM Paris<\/strong><\/p>\n\n\n\n<p><strong>Participer \u00e0 la r\u00e9union Zoom<\/strong><\/p>\n\n\n\n<p><a href=\"https:\/\/zoom.us\/j\/95083829362\">https:\/\/zoom.us\/j\/95083829362<\/a><\/p>\n\n\n\n<p>ID de r\u00e9union :&nbsp;<a rel=\"noreferrer noopener\" href=\"tel:950%208382%209362\" target=\"_blank\">950 8382 9362<\/a><\/p>\n\n\n\n<p>______________________________________________<\/p>\n\n\n\n<p><strong>PROCHAINE REUNION LE 12 MARS 2021 13h30-14h<\/strong><\/p>\n\n\n\n<p>COMPTE RENDU DE LA REUNION ZOOM DU 29-01-2021<\/p>\n\n\n\n<p>Reprise de contact<\/p>\n\n\n\n<p>Pr\u00e9sents&nbsp;: Asmae Ainouss, Fabien Urbes et Pierre Rouquette de L\u2019Escale, Alexandre Besse et Rita Gross du CSC Meinau, Fran\u00e7oise Benoit, H\u00e9l\u00e8ne Baudoin, Im\u00e8ne Sfaxi, Fran\u00e7oise Werckmann, Jacques Werckmann, France Do Lauble, Marie Claude Blancher, &nbsp;Odile Perez.<\/p>\n\n\n\n<p>Excus\u00e9s<strong>&nbsp;<\/strong>: Beata Hildebrant, Mich\u00e8le Tr\u00e9moli\u00e8res, Simon Baumert, Ludivine Quintaillet, Isabelle Jensen.<\/p>\n\n\n\n<ol style=\"list-style-type:1\" class=\"wp-block-list\">\n<li><strong>Projet&nbsp; avec les CSC<\/strong> <strong>et les Partenaires<\/strong><\/li>\n<\/ol>\n\n\n\n<p>L\u2019osterputz ne peut pas \u00eatre organis\u00e9. Le World Clean Up aura sans doute lieu en septembre. S\u2019associront aux CSC de la Meinau et de la Robertsau les mairies de Schiltigheim et Mundolsheim<\/p>\n\n\n\n<p>A. CSC Robertsau<\/p>\n\n\n\n<p>projet global et transversal&nbsp;:<\/p>\n\n\n\n<p>. tri en interne avec les usagers,<\/p>\n\n\n\n<p>. projet d\u2019un jardin exp\u00e9rimental avec la mise en place d\u2019une banque de semences en collaboration avec un groupe de &nbsp;&nbsp;&nbsp;jardiniers catalans. Ils testeront diff\u00e9rentes cultures m\u00e9diterran\u00e9ennes.<\/p>\n\n\n\n<p>. cultures sur balcon<\/p>\n\n\n\n<p>. cr\u00e9ation d\u2019un espace \u00e0 cultiver dans la cit\u00e9 de l\u2019Il.<\/p>\n\n\n\n<p>Le C.S.C. travaille en partenariat avec diff\u00e9rentes associations et projette d\u2019y associer les \u00e9coles.<\/p>\n\n\n\n<p>B. CSC de la Meinau<\/p>\n\n\n\n<p>Dans le cadre du CLAS (contrat local d\u2019accompagnement scolaire) Rita poursuit ses actions avec des jeunes de 11 \u00e0 14 ans sur le tri, les d\u00e9placements moins on\u00e9reux (collectifs, v\u00e9los \u2026..) mais aussi, ils ont pu constat\u00e9 qu\u2019il \u00e9tait possible de r\u00e9duire la consommation d\u2019\u00e9nergie par des gestes simples, exemple&nbsp;: t\u00e9l\u00e9vision, radio, t\u00e9l\u00e9phone, Ipad, \u00e9lectricit\u00e9 \u2026 .<\/p>\n\n\n\n<p>Toutes ces actions ont des objectifs \u00e9ducatif, de citoyennet\u00e9 et permettent de faire des \u00e9conomies au sein des familles.<\/p>\n\n\n\n<p>C. Quartier de la Musau<\/p>\n\n\n\n<p>Sur ces sujets Fran\u00e7oise Beno\u00eet a cr\u00e9\u00e9 un \u00ab&nbsp;Guide du Tri collectif&nbsp;\u00bb qu\u2019elle a remis \u00e0 la Mairie.<\/p>\n\n\n\n<ul class=\"wp-block-list\">\n<li><strong>Assiette Eco-Responsable<\/strong><\/li>\n<\/ul>\n\n\n\n<p>&nbsp;&nbsp; Il s\u2019agit de cr\u00e9\u00e9r un cercle vertueux autour de l\u2019alimentation&nbsp;: \u00ab&nbsp;de la graine \u00e0 l\u2019assiette&nbsp;\u00bb.<\/p>\n\n\n\n<p>&nbsp; Suivi du cahier des charges des cantines avec l\u2019Eurom\u00e9trop\u00f4le et les associations.<\/p>\n\n\n\n<p><strong>3. &nbsp;&nbsp;Propositions<\/strong><\/p>\n\n\n\n<p><strong>. <\/strong>\u00e9changes de pratiques.<strong><\/strong><\/p>\n\n\n\n<p>. institutionnaliser ces \u00e9changes au niveau de l\u2019Eurom\u00e9tropole , voire plus \u2026&nbsp; cf. Jean Poncharal, \u00e9lu de Brive est int\u00e9r\u00e9ss\u00e9 par ce travail de partenariat. Il nous a transmi un lien de r\u00e9seau \u00e9colo-europ\u00e9en que nous vous avons relay\u00e9 le 04\/02\/2021.<\/p>\n\n\n\n<p>. cr\u00e9ation d\u2019une Alliance des Communes et des Intercommunalit\u00e9s pour une alimentation saine&nbsp;: nous vous enverrons le premier jet avant notre prochaine r\u00e9union.<\/p>\n\n\n\n<p><strong>3.<\/strong>&nbsp;&nbsp; <strong>AG et Cotisations<\/strong><\/p>\n\n\n\n<p>&nbsp;&nbsp;&nbsp;&nbsp;&nbsp;&nbsp;&nbsp; &nbsp;&nbsp; Vu la situation nous les reportons \u00e0 des temps meilleurs.<\/p>\n\n\n\n<p>_______________________________________________________________________________<\/p>\n\n\n\n<p>REUNION ZOOM 29 JANVIER 2021 \u00e0 14h<\/p>\n\n\n\n<p><strong>Voici l\u2019invitation sur Zoom organis\u00e9e par Fabien URBES du CSC-l\u2019Escale de la Robertsau&nbsp;et que nous remercions.<\/strong><\/p>\n\n\n\n<ul class=\"wp-block-list\">\n<li><strong>Sujet&nbsp;: R\u00e9union Strasbourg Ecologie<\/strong><\/li>\n\n\n\n<li><strong>Heure&nbsp;: 29 janv. 2021 02&nbsp;:00 PM Paris<\/strong><\/li>\n\n\n\n<li><strong>Participer \u00e0 la r\u00e9union Zoom<\/strong><\/li>\n\n\n\n<li><strong><a rel=\"noreferrer noopener\" href=\"https:\/\/zoom\/\" target=\"_blank\">https:\/\/zoom<\/a>.us\/j\/99977340594<\/strong><\/li>\n<\/ul>\n\n\n\n<p>___________________________________________________________________________<\/p>\n\n\n\n<p><\/p>\n\n\n\n<p><strong>PROCHAINE REUNION les 25-28 ou 29 janvier 2021 \u00e0 9h ou 13h30-14h<\/strong><\/p>\n\n\n\n<p>ORDRE DU JOUR<\/p>\n\n\n\n<ol style=\"list-style-type:1\" class=\"wp-block-list\">\n<li><strong>Projet&nbsp; avec les CSC<\/strong> : pr\u00e9paration de la journ\u00e9e \u00ab&nbsp;osterputz&nbsp;\u00bb avec la cr\u00e9ation si possible de brigades vertes. &nbsp;<\/li>\n\n\n\n<li><strong>Partenariats&nbsp;sur les quartiers<\/strong> : scouts, \u00e9cole et p\u00e9riscolaire, conseils de quartiers, associations (Z\u00e9ro-d\u00e9chets, Cinquante et Plus, l\u2019APEIR, Cantines sans Plastique, CLCV), l\u2019Universit\u00e9 (CROUS et \u00e9tudiants), \u2026.<\/li>\n\n\n\n<li><strong>&nbsp;Propositions&nbsp;: pour le lancement du projet<\/strong>&nbsp;<strong>en fonction de l\u2019\u00e9volution de l\u2019\u00e9tat sanitaire&nbsp;?<\/strong> &nbsp;<\/li>\n<\/ol>\n\n\n\n<p>&#8211;&nbsp;&nbsp;&nbsp; &nbsp;d\u00e9bats et tables rondes \u2026.<\/p>\n\n\n\n<p>&#8211; &nbsp;&nbsp;&nbsp;&nbsp;world-caf\u00e9 avec Evelyne Denny et Fran\u00e7oise Werckmann<\/p>\n\n\n\n<p>&#8211; &nbsp;&nbsp;&nbsp;&nbsp;\u00e9changes de pratiques<\/p>\n\n\n\n<p>&#8211; &nbsp;&nbsp;&nbsp;&nbsp;journ\u00e9e d\u00e9di\u00e9e \u00e0 ce projet<\/p>\n\n\n\n<p>&#8211; &nbsp;&nbsp;&nbsp;&nbsp;etc. \u2026.<\/p>\n\n\n\n<p>&nbsp;&nbsp;&nbsp;&nbsp;&nbsp; <em>A pr\u00e9voir des actions possibles quand le pr\u00e9sentiel est difficile pour nous r\u00e9unir et pour agir.<\/em><\/p>\n\n\n\n<ul class=\"wp-block-list\">\n<li><strong>Pour une \u00ab&nbsp;Ville Propre&nbsp;\u00bb et une \u00ab&nbsp;assiette Eco-Responsable<\/strong>&nbsp;\u00bb des contacts ont \u00e9t\u00e9 pris Fran\u00e7oise Werckman aupr\u00e8s de Mme Jeanne Bars\u00e9ghian et de quelques communes de l\u2019Eurom\u00e9tropole sachant que Fran\u00e7oise W. a particip\u00e9 aux r\u00e9unions pr\u00e9paratoires de renouvellement pour 2 ans du cahier des charges de restauration scolaire avec les parents d\u2019\u00e9l\u00e8ves<strong>.<\/strong><\/li>\n<\/ul>\n\n\n\n<p>De ce fait nous <strong>travaillerons avec les services administratifs et les \u00e9lus r\u00e9f\u00e9rents pour tout ce qui est organisationnel et mat\u00e9riel <\/strong>dans ces domaines.<\/p>\n\n\n\n<p>5.&nbsp;&nbsp; <strong>Pr\u00e9paration de l\u2019AG et tr\u00e9sorerie&nbsp;: <\/strong>rappel adh\u00e9sion&nbsp;(10\u20ac)<\/p>\n\n\n\n<p>6.&nbsp;&nbsp; <strong>Dates et lieux des prochaines r\u00e9unions&nbsp;: <\/strong>planning pour l\u2019ann\u00e9e et des r\u00e9unions \u00ab&nbsp;d\u00e9centralis\u00e9es&nbsp;\u00bb.<\/p>\n\n\n\n<p>______________________________________________________________________________<\/p>\n\n\n\n<p>COMPRE RENDU DE LA REUNION du 27 aout 2020<\/p>\n\n\n\n<p>Pr\u00e9sents&nbsp;: Emmanuelle Campagne (Scouts &#8211; CSC Escale), Alexandre Besse CSC Meinau, &nbsp;Simon Baumert, Marie Claude Blancher, Evelyne Denny, Isabelle Jensen, Ludivine Quintaillet (Cantines sans plastiques), Im\u00e8ne Sfaxi, Fran\u00e7oise Werckmann, Jacques Werckmann, France Do Lauble, Rita Gross&nbsp;<\/p>\n\n\n\n<p>Excus\u00e9s: M. Roland Ries Maire de Strasbourg, Mme Asmae Ainouss, M. Alexandre Besse, M. Christian Brassac, Mme Fran\u00e7oise Bey, Mme H\u00e9l\u00e8ne Baudoin, Beata Hildebrant, Odile Perez, Mich\u00e8le Tr\u00e9moli\u00e8res<\/p>\n\n\n\n<p><strong>I. Projet avec les CSC<\/strong><\/p>\n\n\n\n<ul class=\"wp-block-list\">\n<li>Red\u00e9marrage avec la rentr\u00e9e scolaire.<\/li>\n\n\n\n<li>Nous projetons une action type \u00ab&nbsp;Osterputz&nbsp;\u00bb avec l\u2019ensemble des CSC volontaires et les scouts un mercredi en mars-avril 2021.<\/li>\n\n\n\n<li>Les th\u00e8mes seront choisis avec les CSC lors de leurs 2 prochaines r\u00e9unions de direction pour&nbsp; une \u00e9ducation aux gestes citoyens dans le cadre du p\u00e9riscolaire. Il s\u2019agit d\u2019une sensibilisation en atelier pour arriver \u00e0 cr\u00e9er des brigades vertes p\u00e9rennes, ou par des visites de centres de tri par exemple&nbsp;\u2026.<\/li>\n\n\n\n<li>Les partenaires possibles : la ville de Strasbourg, Cin\u00e9 Bussi\u00e8re, Education nationale, CLCV (Fran\u00e7oise Beno\u00eet), autres associations concern\u00e9es<\/li>\n<\/ul>\n\n\n\n<p><strong>II. Projet \u00ab&nbsp;Assiette Eco-Responsable&nbsp;\u00bb,<\/strong> interassociatifpour un retour \u00e0 la cuisine de proximit\u00e9(produits locaux cuisin\u00e9s sur place) avec Z\u00e9ro d\u00e9chets (Simon Baumert) , l\u2019APEIR (Audrey Martayan), Assiettes v\u00e9g\u00e9tales (Cyril ERNST), Cantines sans Plastique (Ludivine Quintaillet) cf. en PJ l\u2019argumentaire de l\u2019APEIR concernant ce sujet.<\/p>\n\n\n\n<p><strong>&nbsp;&nbsp;&nbsp; <\/strong>Sur une proposition d\u2019Alexandre Besse (CSC) nous projetons de solliciter l\u2019Euro m\u00e9tropole pour une assiette \u00ab&nbsp;\u00e9co-responsable&nbsp;\u00bb en nous adressant aux 33 communes.<\/p>\n\n\n\n<p><strong>IV. Salon des Associations les 19 et 20 Septembre<\/strong>&nbsp;: &nbsp;pr\u00e9paration<\/p>\n\n\n\n<p>______________________________________________________________________________<\/p>\n\n\n\n<p>COMPTE RENDU DE LA REUNION de f\u00e9vrier 2020<\/p>\n\n\n\n<p>Pr\u00e9sents&nbsp;: Mme Magalie ORDAS la pr\u00e9sidente et M. Guillaume HERVE, directeur de l\u2019AVPU, M. Romuald SUTTER responsable du service Espace public, M. Laurent Vallet responsable d\u00e9veloppement durable au CROUS, M. Fabien URBES CSC Escale, Mme Rita GROSS CSC Meinau, et &nbsp;Marie Claude Blancher, Beata Hildebrant, Odile Perez membres de Strasbourg \u2013 Ecologie et Fran\u00e7oise Werckmann, conseill\u00e8re municipale d\u00e9l\u00e9gu\u00e9e<\/p>\n\n\n\n<p>Excus\u00e9s: M. Roland Ries Maire de Strasbourg, Mme Asmae Ainouss, M. Alexandre Besse, M. Christian Brassac, Mme Fran\u00e7oise Bey, Mme H\u00e9l\u00e8ne Baudoin<\/p>\n\n\n\n<p><strong>I. Projet avec les CSC<\/strong><\/p>\n\n\n\n<ul class=\"wp-block-list\">\n<li>citoyennet\u00e9&nbsp;: en collaboration avec l\u2019AVPU et les services de la ville&nbsp;: \u00ab&nbsp;\u2026. A l\u2019heure o\u00f9 les incivilit\u00e9s augmentent un temps de r\u00e9fl\u00e9xion s\u2019impose sur cet Enjeu\u2026&nbsp;\u00bb ainsi que diff\u00e9rents acteurs travaillant sur Strasbourg : professionnels, b\u00e9n\u00e9voles, \u00e9lus, chercheurs et \u00e9tudiants oeuvrant dans ce domaine.<\/li>\n\n\n\n<li>Point d\u2019orgue&nbsp;:&nbsp;journ\u00e9e internationale du World Clean Day.<\/li>\n<\/ul>\n\n\n\n<p>Il s\u2019agira de permettre d\u2019enrichir et \/ ou de faire \u00e9voluer nos pratiques pour une ville propre avec tous nos partenaires. Nous privil\u00e9gierons une d\u00e9marche participative : citoyens, associations, services de la ville et \u00e9lus (approche tripartite).<\/p>\n\n\n\n<p><strong>II. Notre projet Strasbourg-Ecologie-CSC&nbsp;:&nbsp;<\/strong><\/p>\n\n\n\n<p>Mise en place avec Strasbourg-Ecologie de \u00ab&nbsp;brigades vertes&nbsp;\u00bb p\u00e9rennes.<\/p>\n\n\n\n<p><strong>III. Projet \u00ab&nbsp;Assiette Eco-Responsable&nbsp;\u00bb&nbsp;: <\/strong>projet interassociatifpour un retour \u00e0 la cuisine de proximit\u00e9(produits locaux cuisin\u00e9s &nbsp;&nbsp;&nbsp;&nbsp;&nbsp;&nbsp;&nbsp;&nbsp;&nbsp;&nbsp;&nbsp;&nbsp;&nbsp;&nbsp;&nbsp; sur place).<strong>IV. Salon des Associations de 19 et 20 Septembre<\/strong>&nbsp;: affiches, flyers, installation, planning de pr\u00e9sence<\/p>\n","protected":false},"excerpt":{"rendered":"<p>Prochaine r\u00e9union le&nbsp;17\/11\/2025 de 17h00 \u00e0 18h15&nbsp; Pizzeria Milano &#8211; 23 BOULEVARD LA VICTOIRE, 67000 STRASBOURG Compte Rendu de la r\u00e9union du 17\/10\/2025 Pr\u00e9sent(e)s&nbsp;: Jill, Gertrude, Cl\u00e9mentine, Francedo, Fran\u00e7oise, Jacques, Odile * Festival Alimenterre Le 26 novembre prochain, \u00e0 19h \u00e0 la Maison des Associations. &nbsp;Nous nous associons \u00e0 Terre de Liens, Que Choisir Alsace, &hellip; <a href=\"https:\/\/www.strasbourg-ecologie.org\/?page_id=186\" class=\"more-link\">Continuer la lecture de <span class=\"screen-reader-text\">Comptes rendus et R\u00e9unions<\/span>  <span class=\"meta-nav\">&rarr;<\/span><\/a><\/p>\n","protected":false},"author":1,"featured_media":0,"parent":0,"menu_order":0,"comment_status":"closed","ping_status":"closed","template":"","meta":{"footnotes":""},"class_list":["post-186","page","type-page","status-publish","hentry"],"_links":{"self":[{"href":"https:\/\/www.strasbourg-ecologie.org\/index.php?rest_route=\/wp\/v2\/pages\/186","targetHints":{"allow":["GET"]}}],"collection":[{"href":"https:\/\/www.strasbourg-ecologie.org\/index.php?rest_route=\/wp\/v2\/pages"}],"about":[{"href":"https:\/\/www.strasbourg-ecologie.org\/index.php?rest_route=\/wp\/v2\/types\/page"}],"author":[{"embeddable":true,"href":"https:\/\/www.strasbourg-ecologie.org\/index.php?rest_route=\/wp\/v2\/users\/1"}],"replies":[{"embeddable":true,"href":"https:\/\/www.strasbourg-ecologie.org\/index.php?rest_route=%2Fwp%2Fv2%2Fcomments&post=186"}],"version-history":[{"count":59,"href":"https:\/\/www.strasbourg-ecologie.org\/index.php?rest_route=\/wp\/v2\/pages\/186\/revisions"}],"predecessor-version":[{"id":603,"href":"https:\/\/www.strasbourg-ecologie.org\/index.php?rest_route=\/wp\/v2\/pages\/186\/revisions\/603"}],"wp:attachment":[{"href":"https:\/\/www.strasbourg-ecologie.org\/index.php?rest_route=%2Fwp%2Fv2%2Fmedia&parent=186"}],"curies":[{"name":"wp","href":"https:\/\/api.w.org\/{rel}","templated":true}]}}